{"id":23471,"date":"2026-07-11T16:00:02","date_gmt":"2026-07-11T16:00:02","guid":{"rendered":"https:\/\/casalacaleta.iniciorealestate.com\/?page_id=23471"},"modified":"2026-07-20T17:53:56","modified_gmt":"2026-07-20T17:53:56","slug":"avis-de-confidentialite","status":"publish","type":"page","link":"https:\/\/casalacaleta.iniciorealestate.com\/fr\/aviso-de-privacidad\/","title":{"rendered":"Avis de confidentialit\u00e9"},"content":{"rendered":"<div data-elementor-type=\"wp-page\" data-elementor-id=\"23471\" class=\"elementor elementor-23471\" data-elementor-post-type=\"page\">\n\t\t\t\t<div class=\"elementor-element elementor-element-79696f4 e-flex e-con-boxed e-con e-parent\" data-id=\"79696f4\" data-element_type=\"container\" data-e-type=\"container\" data-settings=\"{&quot;background_background&quot;:&quot;classic&quot;}\">\n\t\t\t\t\t<div class=\"e-con-inner\">\n\t\t\t\t<div class=\"elementor-element elementor-element-3c61b3f elementor-widget elementor-widget-html\" data-id=\"3c61b3f\" data-element_type=\"widget\" data-e-type=\"widget\" data-widget_type=\"html.default\">\n\t\t\t\t<div class=\"elementor-widget-container\">\n\t\t\t\t\t<style>\r\n    \/* --- ARQUITECTURA VISUAL DE ULTRA LUJO --- *\/\r\n    .seccion-privacidad-caleta {\r\n        background-color: #FBF9F6 !important; \/* Crema corporativo premium *\/\r\n        padding: 80px 20px !important;\r\n        font-family: 'Inter', sans-serif !important;\r\n        color: #2B2017 !important; \/* Marr\u00f3n oscuro profundo *\/\r\n        display: flex;\r\n        justify-content: center;\r\n    }\r\n\r\n    .privacidad-container {\r\n        max-width: 800px !important; \/* Ancho editorial \u00f3ptimo para lectura *\/\r\n        width: 100%;\r\n        background-color: #FBF9F6 !important;\r\n    }\r\n\r\n    \/* --- LOGOTIPOS E IDENTIDAD --- *\/\r\n    .logo-top-wrapper {\r\n        text-align: center !important;\r\n        margin-bottom: 50px !important;\r\n    }\r\n\r\n    .logo-top {\r\n        height: 65px !important;\r\n        width: auto !important;\r\n        object-fit: contain;\r\n        filter: grayscale(1) contrast(1.1);\r\n    }\r\n\r\n    \/* --- JERARQU\u00cdA TIPOGR\u00c1FICA DE PORTAFOLIO --- *\/\r\n    .seccion-privacidad-caleta h1 {\r\n        font-size: 28px !important;\r\n        font-weight: 400 !important;\r\n        text-transform: uppercase !important;\r\n        letter-spacing: 4px !important;\r\n        text-align: center !important;\r\n        margin-bottom: 10px !important;\r\n        color: #2B2017 !important;\r\n    }\r\n\r\n    .subtitulo-sitio {\r\n        font-size: 13px !important;\r\n        font-weight: 500 !important;\r\n        text-transform: uppercase !important;\r\n        letter-spacing: 5px !important;\r\n        text-align: center !important;\r\n        color: #A6917B !important; \/* Bronce selecto *\/\r\n        margin-bottom: 60px !important;\r\n    }\r\n\r\n    .seccion-privacidad-caleta h2 {\r\n        font-size: 14px !important;\r\n        font-weight: 600 !important;\r\n        text-transform: uppercase !important;\r\n        letter-spacing: 3px !important;\r\n        margin-top: 45px !important;\r\n        margin-bottom: 20px !important;\r\n        border-bottom: 1px solid rgba(166, 145, 123, 0.3) !important;\r\n        padding-bottom: 10px !important;\r\n        color: #2B2017 !important;\r\n    }\r\n\r\n    \/* --- CUERPO DE TEXTO Y P\u00c1RRAFOS --- *\/\r\n    .seccion-privacidad-caleta p {\r\n        font-size: 14px !important;\r\n        line-height: 1.8 !important;\r\n        font-weight: 300 !important;\r\n        margin-bottom: 22px !important;\r\n        text-align: justify !important;\r\n        color: rgba(43, 32, 23, 0.85) !important;\r\n    }\r\n\r\n    .seccion-privacidad-caleta strong {\r\n        font-weight: 500 !important;\r\n        color: #2B2017 !important;\r\n    }\r\n\r\n    \/* --- LISTAS CON VI\u00d1ETAS EDITORIALES --- *\/\r\n    .privacidad-lista {\r\n        list-style: none !important;\r\n        padding-left: 20px !important;\r\n        margin-bottom: 25px !important;\r\n    }\r\n\r\n    .privacidad-lista li {\r\n        font-size: 14px !important;\r\n        line-height: 1.8 !important;\r\n        font-weight: 300 !important;\r\n        color: rgba(43, 32, 23, 0.85) !important;\r\n        margin-bottom: 10px !important;\r\n        position: relative !important;\r\n    }\r\n\r\n    \/* Vi\u00f1eta minimalista en tono bronce *\/\r\n    .privacidad-lista li::before {\r\n        content: \"\u2014\" !important;\r\n        position: absolute !important;\r\n        left: -20px !important;\r\n        color: #A6917B !important;\r\n        font-weight: 400 !important;\r\n    }\r\n\r\n    \/* --- PIE DE P\u00c1GINA Y ACTUALIZACI\u00d3N --- *\/\r\n    .logo-bottom-wrapper {\r\n        margin-top: 70px !important;\r\n        border-top: 1px solid rgba(166, 145, 123, 0.2) !important;\r\n        padding-top: 40px !important;\r\n        display: flex !important;\r\n        justify-content: space-between !important;\r\n        align-items: center !important;\r\n        flex-wrap: wrap !important;\r\n        gap: 20px !important;\r\n    }\r\n\r\n    .privacidad-actualizacion {\r\n        font-size: 11px !important;\r\n        text-transform: uppercase !important;\r\n        letter-spacing: 1.5px !important;\r\n        color: #A6917B !important;\r\n        font-weight: 400 !important;\r\n    }\r\n\r\n    .logo-bottom {\r\n        height: 45px !important;\r\n        width: auto !important;\r\n        object-fit: contain;\r\n        opacity: 0.7 !important;\r\n    }\r\n\r\n    @media (max-width: 768px) {\r\n        .seccion-privacidad-caleta p {\r\n            text-align: left !important;\r\n        }\r\n        .logo-bottom-wrapper {\r\n            flex-direction: column-reverse !important;\r\n            text-align: center !important;\r\n        }\r\n    }\r\n<\/style>\r\n\r\n<section class=\"seccion-privacidad-caleta\">\r\n    <div class=\"privacidad-container\">\r\n        \r\n        <div class=\"logo-top-wrapper\">\r\n            <img decoding=\"async\" src=\"https:\/\/casalacaleta.iniciorealestate.com\/wp-content\/uploads\/2026\/07\/LOGO_INICIO-ORO-scaled-1.webp\" alt=\"ACCUEIL Immobilier\" class=\"logo-top\">\r\n        <\/div>\r\n        \r\n        <h1>Avis de confidentialit\u00e9<\/h1>\r\n        <div class=\"subtitulo-sitio\">Casa La Caleta<\/div>\r\n        \r\n        <p><strong>IMMOBILIER MAISON<\/strong>, dont l&#039;adresse est Priv. Tepic Sur 309-A, Industrial, Mezcales, Nayarit, et l&#039;adresse courriel de contact <strong>ventes@iniciorealestate.com<\/strong>, est responsable du traitement des donn\u00e9es personnelles que vous nous fournissez via le site web de Casa La Caleta, les formulaires de contact, les boutons WhatsApp, les appels t\u00e9l\u00e9phoniques, les e-mails, les r\u00e9seaux sociaux ou tout autre moyen li\u00e9 \u00e0 la promotion, \u00e0 l&#039;attention et \u00e0 la gestion des demandes d&#039;informations concernant la location de chambres dans cette villa.<\/p>\r\n        \r\n        <p>La pr\u00e9sente politique de confidentialit\u00e9 a pour but de vous informer sur les donn\u00e9es personnelles que nous pouvons collecter, sur l&#039;usage que nous en faisons, sur la mani\u00e8re dont nous les prot\u00e9geons et sur la fa\u00e7on dont vous pouvez exercer vos droits relatifs \u00e0 ces donn\u00e9es.<\/p>\r\n\r\n        <h2>Donn\u00e9es personnelles que nous pouvons demander<\/h2>\r\n        <p>Afin de vous fournir des informations et une attention personnalis\u00e9e concernant Casa La Caleta, nous pouvons vous demander les donn\u00e9es personnelles suivantes\u00a0:<\/p>\r\n        <ul class=\"privacidad-lista\">\r\n            <li>Nom et pr\u00e9nom.<\/li>\r\n            <li>T\u00e9l\u00e9phone.<\/li>\r\n            <li>E-mail.<\/li>\r\n            <li>Message ou commentaire envoy\u00e9 par l&#039;utilisateur.<\/li>\r\n            <li>Date de s\u00e9jour provisoire.<\/li>\r\n            <li>Nombre d&#039;invit\u00e9s.<\/li>\r\n            <li>Chambre ou suite qui vous int\u00e9resse.<\/li>\r\n            <li>Moyens par lesquels vous souhaitez \u00eatre contact\u00e9(e).<\/li>\r\n            <li>Informations relatives \u00e0 votre demande de location, d&#039;h\u00e9bergement ou de r\u00e9servation.<\/li>\r\n            <li>Informations compl\u00e9mentaires que vous choisissez de partager volontairement pendant les soins.<\/li>\r\n        <\/ul>\r\n        <p>Nous ne demandons aucune donn\u00e9e personnelle sensible via ce site web.<\/p>\r\n\r\n        <h2>Finalit\u00e9s du traitement de vos donn\u00e9es<\/h2>\r\n        <p>Vos donn\u00e9es personnelles seront utilis\u00e9es aux principales fins suivantes\u00a0:<\/p>\r\n        <ul class=\"privacidad-lista\">\r\n            <li>Pour r\u00e9pondre \u00e0 votre demande de renseignements concernant Casa La Caleta.<\/li>\r\n            <li>Pour vous envoyer des informations sur les chambres, les suites, les disponibilit\u00e9s, les services, les \u00e9quipements, l&#039;emplacement et les conditions g\u00e9n\u00e9rales de s\u00e9jour.<\/li>\r\n            <li>Assurez le suivi de votre int\u00e9r\u00eat pour la location, de votre r\u00e9servation ou de votre visite du bien.<\/li>\r\n            <li>Veuillez confirmer la disponibilit\u00e9 des dates, des chambres ou des services li\u00e9s \u00e0 votre s\u00e9jour.<\/li>\r\n            <li>Planifiez des appels, des appels vid\u00e9o, des visites d&#039;information ou une attention personnalis\u00e9e.<\/li>\r\n            <li>Partagez des brochures, des photos, des documents d&#039;information ou des informations mises \u00e0 jour concernant la villa.<\/li>\r\n            <li>Vous pouvez le contacter par t\u00e9l\u00e9phone, WhatsApp, e-mail ou tout autre moyen num\u00e9rique.<\/li>\r\n            <li>Adressez votre demande \u00e0 un conseiller agr\u00e9\u00e9 chez INICIO REAL ESTATE.<\/li>\r\n            <li>Pour vous apporter un soutien tout au long du processus d&#039;information, de devis, de disponibilit\u00e9, de r\u00e9servation ou de coordination de votre s\u00e9jour, si vous d\u00e9cidez de poursuivre.<\/li>\r\n        <\/ul>\r\n        \r\n        <p>De plus, vos donn\u00e9es peuvent \u00eatre utilis\u00e9es pour\u00a0:<\/p>\r\n        <ul class=\"privacidad-lista\">\r\n            <li>Pour vous envoyer des informations sur les disponibilit\u00e9s futures, les saisons, les promotions, les propri\u00e9t\u00e9s connexes ou des exp\u00e9riences d&#039;h\u00e9bergement similaires.<\/li>\r\n            <li>Effectuer le suivi des ventes et mesurer le service client aupr\u00e8s des prospects.<\/li>\r\n            <li>Am\u00e9liorer l&#039;exp\u00e9rience utilisateur sur nos canaux num\u00e9riques.<\/li>\r\n            <li>\u00c9valuer la performance des campagnes publicitaires, des formulaires de contact et des m\u00e9dias num\u00e9riques.<\/li>\r\n        <\/ul>\r\n        <p>Si vous ne souhaitez pas que vos donn\u00e9es soient utilis\u00e9es \u00e0 des fins secondaires, vous pouvez en faire la demande en envoyant un courriel \u00e0 <strong>ventes@iniciorealestate.com<\/strong>.<\/p>\r\n\r\n        <h2>Transfert de donn\u00e9es personnelles<\/h2>\r\n        <p>Vos donn\u00e9es personnelles ne seront partag\u00e9es que lorsque cela sera n\u00e9cessaire pour r\u00e9pondre \u00e0 votre demande, confirmer la disponibilit\u00e9, assurer le suivi d&#039;une \u00e9ventuelle r\u00e9servation ou coordonner les services li\u00e9s \u00e0 votre s\u00e9jour, par exemple avec des conseillers agr\u00e9\u00e9s, la direction de la villa, le personnel op\u00e9rationnel, les prestataires de services h\u00f4teliers ou les services aux clients.<\/p>\r\n        <p>Nous ne vendons, ne louons ni n&#039;\u00e9changeons vos donn\u00e9es personnelles avec des tiers.<\/p>\r\n\r\n        <h2>Coordonn\u00e9es<\/h2>\r\n        <p>En fournissant vos donn\u00e9es sur ce site web, vous acceptez qu&#039;INICIO REAL ESTATE puisse vous contacter par t\u00e9l\u00e9phone, WhatsApp, e-mail, SMS ou tout autre moyen num\u00e9rique li\u00e9 au service demand\u00e9.<\/p>\r\n\r\n        <h2>Droits ARCO<\/h2>\r\n        <p>Vous disposez d&#039;un droit d&#039;acc\u00e8s, de rectification, d&#039;effacement ou d&#039;opposition au traitement de vos donn\u00e9es personnelles, ainsi que d&#039;un droit de retirer votre consentement \u00e0 leur utilisation.<\/p>\r\n        <p>Pour exercer l&#039;un de ces droits, vous pouvez envoyer une demande \u00e0 l&#039;adresse \u00e9lectronique suivante : <strong>ventes@iniciorealestate.com<\/strong>, indiquant :<\/p>\r\n        <ul class=\"privacidad-lista\">\r\n            <li>Nom et pr\u00e9nom.<\/li>\r\n            <li>Moyens de contact.<\/li>\r\n            <li>droit que vous souhaitez exercer.<\/li>\r\n            <li>Description claire de votre demande.<\/li>\r\n            <li>Document attestant de votre identit\u00e9.<\/li>\r\n        <\/ul>\r\n        <p>Votre demande sera trait\u00e9e conform\u00e9ment aux d\u00e9lais et proc\u00e9dures \u00e9tablis par la l\u00e9gislation applicable en mati\u00e8re de protection des donn\u00e9es personnelles.<\/p>\r\n\r\n        <h2>Utilisation de cookies et de technologies similaires<\/h2>\r\n        <p>Ce site web peut utiliser des cookies, des outils de mesure, des pixels de suivi ou des technologies similaires pour am\u00e9liorer l&#039;exp\u00e9rience de navigation, mesurer les performances des campagnes publicitaires, analyser les visites et diffuser du contenu en fonction des int\u00e9r\u00eats des utilisateurs.<\/p>\r\n        <p>Vous pouvez d\u00e9sactiver l&#039;utilisation des cookies directement dans les param\u00e8tres de votre navigateur. Cependant, certaines fonctionnalit\u00e9s du site pourraient \u00eatre limit\u00e9es.<\/p>\r\n\r\n        <h2>s\u00e9curit\u00e9 de l&#039;information<\/h2>\r\n        <p>INICIO REAL ESTATE met en \u0153uvre des mesures administratives, techniques et num\u00e9riques raisonnables pour prot\u00e9ger vos donn\u00e9es personnelles contre les dommages, les pertes, les alt\u00e9rations, la destruction, l&#039;utilisation non autoris\u00e9e, l&#039;acc\u00e8s non autoris\u00e9 ou le traitement non autoris\u00e9.<\/p>\r\n\r\n        <h2>Modifications apport\u00e9es \u00e0 la politique de confidentialit\u00e9<\/h2>\r\n        <p>La pr\u00e9sente politique de confidentialit\u00e9 peut \u00eatre modifi\u00e9e ou mise \u00e0 jour \u00e0 tout moment. Toute modification sera publi\u00e9e sur ce site web\u00a0; nous vous recommandons donc de la consulter r\u00e9guli\u00e8rement.<\/p>\r\n        \r\n        <div class=\"logo-bottom-wrapper\">\r\n            <div class=\"privacidad-actualizacion\">\r\n                Derni\u00e8re mise \u00e0 jour : 10 juillet 2026.\r\n            <\/div>\r\n            <img decoding=\"async\" src=\"https:\/\/casalacaleta.iniciorealestate.com\/wp-content\/uploads\/2026\/07\/LOGO_INICIO-ORO-scaled-1.webp\" alt=\"ACCUEIL Immobilier\" class=\"logo-bottom\">\r\n        <\/div>\r\n        \r\n    <\/div>\r\n<\/section>\t\t\t\t<\/div>\n\t\t\t\t<\/div>\n\t\t\t\t\t<\/div>\n\t\t\t\t<\/div>\n\t\t\t\t<\/div>","protected":false},"excerpt":{"rendered":"<p>Aviso de Privacidad Casa La Caleta INICIO REAL ESTATE, con domicilio en Priv. Tepic Sur 309-A, Industrial, Mezcales, Nayarit, y correo electr\u00f3nico de contacto ventas@iniciorealestate.com, es responsable del tratamiento de los datos personales que usted nos proporciona a trav\u00e9s del sitio web de Casa La Caleta, formularios de contacto, botones de WhatsApp, llamadas telef\u00f3nicas, correo [&hellip;]<\/p>","protected":false},"author":1,"featured_media":0,"parent":0,"menu_order":0,"comment_status":"closed","ping_status":"closed","template":"","meta":{"_yoast_wpseo_title":"","_yoast_wpseo_metadesc":"","footnotes":""},"class_list":["post-23471","page","type-page","status-publish","hentry"],"yoast_head":"<!-- This site is optimized with the Yoast SEO plugin v28.4 - https:\/\/yoast.com\/product\/yoast-seo-wordpress\/ -->\n<title>Aviso de Privacidad - Casa la Caleta: Tu Refugio Exclusivo frente al Mar en Pontoquito, Punta de Mita<\/title>\n<meta name=\"robots\" content=\"index, follow, max-snippet:-1, max-image-preview:large, max-video-preview:-1\" \/>\n<link rel=\"canonical\" href=\"https:\/\/casalacaleta.iniciorealestate.com\/fr\/avis-de-confidentialite\/\" \/>\n<meta property=\"og:locale\" content=\"fr_CA\" \/>\n<meta property=\"og:type\" content=\"article\" \/>\n<meta property=\"og:title\" content=\"Aviso de Privacidad - Casa la Caleta: Tu Refugio Exclusivo frente al Mar en Pontoquito, Punta de Mita\" \/>\n<meta property=\"og:description\" content=\"Aviso de Privacidad Casa La Caleta INICIO REAL ESTATE, con domicilio en Priv. Tepic Sur 309-A, Industrial, Mezcales, Nayarit, y correo electr\u00f3nico de contacto ventas@iniciorealestate.com, es responsable del tratamiento de los datos personales que usted nos proporciona a trav\u00e9s del sitio web de Casa La Caleta, formularios de contacto, botones de WhatsApp, llamadas telef\u00f3nicas, correo [&hellip;]\" \/>\n<meta property=\"og:url\" content=\"https:\/\/casalacaleta.iniciorealestate.com\/fr\/avis-de-confidentialite\/\" \/>\n<meta property=\"og:site_name\" content=\"Casa la Caleta: Tu Refugio Exclusivo frente al Mar en Pontoquito, Punta de Mita\" \/>\n<meta property=\"article:modified_time\" content=\"2026-07-20T17:53:56+00:00\" \/>\n<meta property=\"og:image\" content=\"https:\/\/casalacaleta.iniciorealestate.com\/wp-content\/uploads\/2026\/07\/LOGO_INICIO-ORO-scaled-1.webp\" \/>\n<meta name=\"twitter:card\" content=\"summary_large_image\" \/>\n<meta name=\"twitter:label1\" content=\"Estimation du temps de lecture\" \/>\n\t<meta name=\"twitter:data1\" content=\"4 minutes\" \/>\n<script type=\"application\/ld+json\" class=\"yoast-schema-graph\">{\"@context\":\"https:\\\/\\\/schema.org\",\"@graph\":[{\"@type\":\"WebPage\",\"@id\":\"https:\\\/\\\/casalacaleta.iniciorealestate.com\\\/aviso-de-privacidad\\\/\",\"url\":\"https:\\\/\\\/casalacaleta.iniciorealestate.com\\\/aviso-de-privacidad\\\/\",\"name\":\"Aviso de Privacidad - Casa la Caleta: Tu Refugio Exclusivo frente al Mar en Pontoquito, Punta de Mita\",\"isPartOf\":{\"@id\":\"https:\\\/\\\/casalacaleta.iniciorealestate.com\\\/#website\"},\"primaryImageOfPage\":{\"@id\":\"https:\\\/\\\/casalacaleta.iniciorealestate.com\\\/aviso-de-privacidad\\\/#primaryimage\"},\"image\":{\"@id\":\"https:\\\/\\\/casalacaleta.iniciorealestate.com\\\/aviso-de-privacidad\\\/#primaryimage\"},\"thumbnailUrl\":\"https:\\\/\\\/casalacaleta.iniciorealestate.com\\\/wp-content\\\/uploads\\\/2026\\\/07\\\/LOGO_INICIO-ORO-scaled-1.webp\",\"datePublished\":\"2026-07-11T16:00:02+00:00\",\"dateModified\":\"2026-07-20T17:53:56+00:00\",\"breadcrumb\":{\"@id\":\"https:\\\/\\\/casalacaleta.iniciorealestate.com\\\/aviso-de-privacidad\\\/#breadcrumb\"},\"inLanguage\":\"fr-CA\",\"potentialAction\":[{\"@type\":\"ReadAction\",\"target\":[\"https:\\\/\\\/casalacaleta.iniciorealestate.com\\\/aviso-de-privacidad\\\/\"]}]},{\"@type\":\"ImageObject\",\"inLanguage\":\"fr-CA\",\"@id\":\"https:\\\/\\\/casalacaleta.iniciorealestate.com\\\/aviso-de-privacidad\\\/#primaryimage\",\"url\":\"https:\\\/\\\/casalacaleta.iniciorealestate.com\\\/wp-content\\\/uploads\\\/2026\\\/07\\\/LOGO_INICIO-ORO-scaled-1.webp\",\"contentUrl\":\"https:\\\/\\\/casalacaleta.iniciorealestate.com\\\/wp-content\\\/uploads\\\/2026\\\/07\\\/LOGO_INICIO-ORO-scaled-1.webp\"},{\"@type\":\"BreadcrumbList\",\"@id\":\"https:\\\/\\\/casalacaleta.iniciorealestate.com\\\/aviso-de-privacidad\\\/#breadcrumb\",\"itemListElement\":[{\"@type\":\"ListItem\",\"position\":1,\"name\":\"Inicio\",\"item\":\"https:\\\/\\\/casalacaleta.iniciorealestate.com\\\/\"},{\"@type\":\"ListItem\",\"position\":2,\"name\":\"Aviso de Privacidad\"}]},{\"@type\":\"WebSite\",\"@id\":\"https:\\\/\\\/casalacaleta.iniciorealestate.com\\\/#website\",\"url\":\"https:\\\/\\\/casalacaleta.iniciorealestate.com\\\/\",\"name\":\"Casa la Caleta: Tu Refugio Exclusivo frente al Mar en Pontoquito, Punta de Mita\",\"description\":\"Descubre el verdadero significado del lujo costero en Casa la Caleta, un santuario residencial de alta plusval\u00eda ubicado en el exclusivo para\u00edso de Pontoquito, Punta de Mita, Nayarit. El escenario perfecto para asegurar tu patrimonio y disfrutar de la m\u00e1xima privacidad frente al mar.\",\"publisher\":{\"@id\":\"https:\\\/\\\/casalacaleta.iniciorealestate.com\\\/#organization\"},\"alternateName\":\"Casa la Caleta\",\"potentialAction\":[{\"@type\":\"SearchAction\",\"target\":{\"@type\":\"EntryPoint\",\"urlTemplate\":\"https:\\\/\\\/casalacaleta.iniciorealestate.com\\\/?s={search_term_string}\"},\"query-input\":{\"@type\":\"PropertyValueSpecification\",\"valueRequired\":true,\"valueName\":\"search_term_string\"}}],\"inLanguage\":\"fr-CA\"},{\"@type\":\"Organization\",\"@id\":\"https:\\\/\\\/casalacaleta.iniciorealestate.com\\\/#organization\",\"name\":\"Casa la Caleta: Tu Refugio Exclusivo frente al Mar en Pontoquito, Punta de Mita\",\"alternateName\":\"Casa la Caleta\",\"url\":\"https:\\\/\\\/casalacaleta.iniciorealestate.com\\\/\",\"logo\":{\"@type\":\"ImageObject\",\"inLanguage\":\"fr-CA\",\"@id\":\"https:\\\/\\\/casalacaleta.iniciorealestate.com\\\/#\\\/schema\\\/logo\\\/image\\\/\",\"url\":\"https:\\\/\\\/casalacaleta.iniciorealestate.com\\\/wp-content\\\/uploads\\\/2026\\\/07\\\/Casa-caleta_LOGO.webp\",\"contentUrl\":\"https:\\\/\\\/casalacaleta.iniciorealestate.com\\\/wp-content\\\/uploads\\\/2026\\\/07\\\/Casa-caleta_LOGO.webp\",\"width\":1122,\"height\":768,\"caption\":\"Casa la Caleta: Tu Refugio Exclusivo frente al Mar en Pontoquito, Punta de Mita\"},\"image\":{\"@id\":\"https:\\\/\\\/casalacaleta.iniciorealestate.com\\\/#\\\/schema\\\/logo\\\/image\\\/\"}}]}<\/script>\n<!-- \/ Yoast SEO plugin. -->","yoast_head_json":{"title":"Avis de confidentialit\u00e9 - Casa la Caleta\u00a0: votre retraite exclusive en bord de mer \u00e0 Pontoquito, Punta de Mita","robots":{"index":"index","follow":"follow","max-snippet":"max-snippet:-1","max-image-preview":"max-image-preview:large","max-video-preview":"max-video-preview:-1"},"canonical":"https:\/\/casalacaleta.iniciorealestate.com\/fr\/avis-de-confidentialite\/","og_locale":"fr_CA","og_type":"article","og_title":"Aviso de Privacidad - Casa la Caleta: Tu Refugio Exclusivo frente al Mar en Pontoquito, Punta de Mita","og_description":"Aviso de Privacidad Casa La Caleta INICIO REAL ESTATE, con domicilio en Priv. Tepic Sur 309-A, Industrial, Mezcales, Nayarit, y correo electr\u00f3nico de contacto ventas@iniciorealestate.com, es responsable del tratamiento de los datos personales que usted nos proporciona a trav\u00e9s del sitio web de Casa La Caleta, formularios de contacto, botones de WhatsApp, llamadas telef\u00f3nicas, correo [&hellip;]","og_url":"https:\/\/casalacaleta.iniciorealestate.com\/fr\/avis-de-confidentialite\/","og_site_name":"Casa la Caleta: Tu Refugio Exclusivo frente al Mar en Pontoquito, Punta de Mita","article_modified_time":"2026-07-20T17:53:56+00:00","og_image":[{"url":"https:\/\/casalacaleta.iniciorealestate.com\/wp-content\/uploads\/2026\/07\/LOGO_INICIO-ORO-scaled-1.webp","type":"","width":"","height":""}],"twitter_card":"summary_large_image","twitter_misc":{"Estimation du temps de lecture":"4 minutes"},"schema":{"@context":"https:\/\/schema.org","@graph":[{"@type":"WebPage","@id":"https:\/\/casalacaleta.iniciorealestate.com\/aviso-de-privacidad\/","url":"https:\/\/casalacaleta.iniciorealestate.com\/aviso-de-privacidad\/","name":"Avis de confidentialit\u00e9 - Casa la Caleta\u00a0: votre retraite exclusive en bord de mer \u00e0 Pontoquito, Punta de Mita","isPartOf":{"@id":"https:\/\/casalacaleta.iniciorealestate.com\/#website"},"primaryImageOfPage":{"@id":"https:\/\/casalacaleta.iniciorealestate.com\/aviso-de-privacidad\/#primaryimage"},"image":{"@id":"https:\/\/casalacaleta.iniciorealestate.com\/aviso-de-privacidad\/#primaryimage"},"thumbnailUrl":"https:\/\/casalacaleta.iniciorealestate.com\/wp-content\/uploads\/2026\/07\/LOGO_INICIO-ORO-scaled-1.webp","datePublished":"2026-07-11T16:00:02+00:00","dateModified":"2026-07-20T17:53:56+00:00","breadcrumb":{"@id":"https:\/\/casalacaleta.iniciorealestate.com\/aviso-de-privacidad\/#breadcrumb"},"inLanguage":"fr-CA","potentialAction":[{"@type":"ReadAction","target":["https:\/\/casalacaleta.iniciorealestate.com\/aviso-de-privacidad\/"]}]},{"@type":"ImageObject","inLanguage":"fr-CA","@id":"https:\/\/casalacaleta.iniciorealestate.com\/aviso-de-privacidad\/#primaryimage","url":"https:\/\/casalacaleta.iniciorealestate.com\/wp-content\/uploads\/2026\/07\/LOGO_INICIO-ORO-scaled-1.webp","contentUrl":"https:\/\/casalacaleta.iniciorealestate.com\/wp-content\/uploads\/2026\/07\/LOGO_INICIO-ORO-scaled-1.webp"},{"@type":"BreadcrumbList","@id":"https:\/\/casalacaleta.iniciorealestate.com\/aviso-de-privacidad\/#breadcrumb","itemListElement":[{"@type":"ListItem","position":1,"name":"Inicio","item":"https:\/\/casalacaleta.iniciorealestate.com\/"},{"@type":"ListItem","position":2,"name":"Aviso de Privacidad"}]},{"@type":"WebSite","@id":"https:\/\/casalacaleta.iniciorealestate.com\/#website","url":"https:\/\/casalacaleta.iniciorealestate.com\/","name":"Casa la Caleta: votre retraite exclusive en bord de mer \u00e0 Pontoquito, Punta de Mita","description":"D\u00e9couvrez le v\u00e9ritable sens du luxe c\u00f4tier \u00e0 Casa la Caleta, un havre de paix r\u00e9sidentiel haut de gamme nich\u00e9 dans le paradis exclusif de Pontoquito, \u00e0 Punta de Mita, dans l&#039;\u00c9tat de Nayarit. Un cadre id\u00e9al pour assurer votre avenir et profiter d&#039;une intimit\u00e9 absolue en bord de mer.","publisher":{"@id":"https:\/\/casalacaleta.iniciorealestate.com\/#organization"},"alternateName":"Casa la Caleta","potentialAction":[{"@type":"SearchAction","target":{"@type":"EntryPoint","urlTemplate":"https:\/\/casalacaleta.iniciorealestate.com\/?s={search_term_string}"},"query-input":{"@type":"PropertyValueSpecification","valueRequired":true,"valueName":"search_term_string"}}],"inLanguage":"fr-CA"},{"@type":"Organization","@id":"https:\/\/casalacaleta.iniciorealestate.com\/#organization","name":"Casa la Caleta: votre retraite exclusive en bord de mer \u00e0 Pontoquito, Punta de Mita","alternateName":"Casa la Caleta","url":"https:\/\/casalacaleta.iniciorealestate.com\/","logo":{"@type":"ImageObject","inLanguage":"fr-CA","@id":"https:\/\/casalacaleta.iniciorealestate.com\/#\/schema\/logo\/image\/","url":"https:\/\/casalacaleta.iniciorealestate.com\/wp-content\/uploads\/2026\/07\/Casa-caleta_LOGO.webp","contentUrl":"https:\/\/casalacaleta.iniciorealestate.com\/wp-content\/uploads\/2026\/07\/Casa-caleta_LOGO.webp","width":1122,"height":768,"caption":"Casa la Caleta: Tu Refugio Exclusivo frente al Mar en Pontoquito, Punta de Mita"},"image":{"@id":"https:\/\/casalacaleta.iniciorealestate.com\/#\/schema\/logo\/image\/"}}]}},"_links":{"self":[{"href":"https:\/\/casalacaleta.iniciorealestate.com\/fr\/wp-json\/wp\/v2\/pages\/23471","targetHints":{"allow":["GET"]}}],"collection":[{"href":"https:\/\/casalacaleta.iniciorealestate.com\/fr\/wp-json\/wp\/v2\/pages"}],"about":[{"href":"https:\/\/casalacaleta.iniciorealestate.com\/fr\/wp-json\/wp\/v2\/types\/page"}],"author":[{"embeddable":true,"href":"https:\/\/casalacaleta.iniciorealestate.com\/fr\/wp-json\/wp\/v2\/users\/1"}],"replies":[{"embeddable":true,"href":"https:\/\/casalacaleta.iniciorealestate.com\/fr\/wp-json\/wp\/v2\/comments?post=23471"}],"version-history":[{"count":10,"href":"https:\/\/casalacaleta.iniciorealestate.com\/fr\/wp-json\/wp\/v2\/pages\/23471\/revisions"}],"predecessor-version":[{"id":23857,"href":"https:\/\/casalacaleta.iniciorealestate.com\/fr\/wp-json\/wp\/v2\/pages\/23471\/revisions\/23857"}],"wp:attachment":[{"href":"https:\/\/casalacaleta.iniciorealestate.com\/fr\/wp-json\/wp\/v2\/media?parent=23471"}],"curies":[{"name":"wp","href":"https:\/\/api.w.org\/{rel}","templated":true}]}}