{"id":23804,"date":"2026-07-18T19:30:34","date_gmt":"2026-07-18T19:30:34","guid":{"rendered":"https:\/\/casalacaleta.iniciorealestate.com\/?page_id=23804"},"modified":"2026-07-25T17:07:36","modified_gmt":"2026-07-25T17:07:36","slug":"emplacement-de-la-maison-a-la-caleta","status":"publish","type":"page","link":"https:\/\/casalacaleta.iniciorealestate.com\/fr\/ubicacion-casa-la-caleta\/","title":{"rendered":"EMPLACEMENT"},"content":{"rendered":"<div data-elementor-type=\"wp-page\" data-elementor-id=\"23804\" class=\"elementor elementor-23804\" data-elementor-post-type=\"page\">\n\t\t\t\t<div class=\"elementor-element elementor-element-446ca03 e-flex e-con-boxed e-con e-parent\" data-id=\"446ca03\" data-element_type=\"container\" data-e-type=\"container\" data-settings=\"{&quot;background_background&quot;:&quot;classic&quot;}\">\n\t\t\t\t\t<div class=\"e-con-inner\">\n\t\t\t\t<div class=\"elementor-element elementor-element-31c9b3b elementor-widget elementor-widget-html\" data-id=\"31c9b3b\" data-element_type=\"widget\" data-e-type=\"widget\" data-widget_type=\"html.default\">\n\t\t\t\t<div class=\"elementor-widget-container\">\n\t\t\t\t\t<!-- SECCI\u00d3N COMPONENTES: UBICACI\u00d3N RESIDENCIAL OFICIAL CASA LA CALETA -->\r\n<section style=\"max-width: 100%; margin: 0 auto; padding: 0; font-family: 'Inter', sans-serif; background-color: #FBF9F6; color: #2B2017; overflow: hidden;\">\r\n\r\n    <!-- ENCABEZADO EDITORIAL DE AUTOR -->\r\n    <div style=\"width: 100%; max-width: 1200px; margin: 0 auto; padding: 80px 20px 60px 20px; box-sizing: border-box; text-align: center;\">\r\n        <span style=\"color: #A6917B; font-size: 11px; text-transform: uppercase; letter-spacing: 6px; display: block; margin-bottom: 20px; font-weight: 600;\">L&#039;Enclave<\/span>\r\n        <h1 style=\"color: #2B2017; font-family: 'Cormorant Garamond', serif; font-size: 52px; font-weight: 300; margin: 0; text-transform: uppercase; letter-spacing: 2px; line-height: 1.1;\">\r\n            Pontoquito <br><span style=\"font-style: italic; text-transform: none; letter-spacing: 0;\">et l&#039;horizon priv\u00e9<\/span>\r\n        <\/h1>\r\n    <\/div>\r\n\r\n    <!-- BLOQUE 1: PORTADA ASIM\u00c9TRICA + MICRO-NARRATIVA -->\r\n    <div style=\"width: 100%; max-width: 1200px; margin: 0 auto 100px auto; padding: 0 20px; box-sizing: border-box; display: flex; flex-wrap: wrap; gap: 50px; align-items: flex-start;\">\r\n        <div style=\"flex: 1.4; min-width: 320px;\">\r\n            <img decoding=\"async\" src=\"https:\/\/casalacaleta.iniciorealestate.com\/wp-content\/uploads\/2026\/07\/PONTOQUITO-15-4.webp\" alt=\"Casa La Caleta Environnement Oc\u00e9an\" style=\"width: 100%; height: 540px; object-fit: cover; border-radius: 2px; display: block; border: 1px solid #A6917B;\" \/>\r\n        <\/div>\r\n        <div style=\"flex: 1; min-width: 280px; padding-top: 20px;\">\r\n            <h2 style=\"color: #2B2017; font-family: 'Cormorant Garamond', serif; font-size: 28px; font-weight: 400; font-style: italic; margin: 0 0 20px 0; line-height: 1.3;\">Isolement entre les falaises<\/h2>\r\n            <p style=\"color: #2B2017; font-size: 14px; line-height: 1.9; text-align: justify; margin: 0; opacity: 0.9;\">\r\n                Nich\u00e9e au c\u0153ur du paysage sauvage de Punta de Mita, la Casa La Caleta, situ\u00e9e \u00e0 Pontoquito, red\u00e9finit la notion d&#039;intimit\u00e9 c\u00f4ti\u00e8re. Un \u00e9cosyst\u00e8me priv\u00e9 o\u00f9 le murmure du Pacifique est le seul bruit constant.\r\n            <\/p>\r\n        <\/div>\r\n    <\/div>\r\n\r\n    <!-- BLOQUE 2: DISE\u00d1O EN ESPEJO INTERCALADO CON DESCRIPCI\u00d3N DE PIE -->\r\n    <div style=\"width: 100%; max-width: 1200px; margin: 0 auto 100px auto; padding: 0 20px; box-sizing: border-box; display: flex; flex-wrap: wrap-reverse; gap: 50px; align-items: center;\">\r\n        <div style=\"flex: 1; min-width: 280px;\">\r\n            <span style=\"color: #A6917B; font-size: 11px; text-transform: uppercase; letter-spacing: 3px; font-weight: 600; display: block; margin-bottom: 15px;\">Connectivit\u00e9 discr\u00e8te<\/span>\r\n            <p style=\"color: #2B2017; font-size: 14px; line-height: 1.9; text-align: justify; margin: 0; opacity: 0.9;\">\r\n                Un refuge isol\u00e9 offrant un acc\u00e8s facile aux destinations les plus anim\u00e9es de la Riviera Nayarit. L&#039;\u00e9quilibre parfait entre tranquillit\u00e9 absolue et les atouts nautiques et gastronomiques exclusifs de la r\u00e9gion.\r\n            <\/p>\r\n        <\/div>\r\n        <div style=\"flex: 1.4; min-width: 320px;\">\r\n            <img decoding=\"async\" src=\"https:\/\/casalacaleta.iniciorealestate.com\/wp-content\/uploads\/2026\/07\/PONTOQUITO-CASA-CALETA-20-10.webp\" alt=\"Architecture int\u00e9gr\u00e9e au paysage\" style=\"width: 100%; height: 420px; object-fit: cover; border-radius: 2px; display: block; border-right: 2px solid #A6917B; padding-right: 15px; box-sizing: border-box; margin-bottom: 12px;\" \/>\r\n            <p style=\"color: #A6917B; font-family: 'Cormorant Garamond', serif; font-size: 14px; font-style: italic; margin: 0; text-align: right; letter-spacing: 0.5px;\">\r\n                Des transitions architecturales fluides con\u00e7ues pour encadrer la lumi\u00e8re du Pacifique.\r\n            <\/p>\r\n        <\/div>\r\n    <\/div>\r\n\r\n    <!-- BLOQUE 3: ENTORNO CARTOGR\u00c1FICO Y DISTANCIAS NARRATIVAS -->\r\n    <div style=\"width: 100%; max-width: 1200px; margin: 0 auto 100px auto; padding: 0 20px; box-sizing: border-box;\">\r\n        <div style=\"display: flex; flex-wrap: wrap; gap: 60px; align-items: stretch;\">\r\n            <div style=\"flex: 1.3; min-width: 320px; border: 1px solid #A6917B; padding: 12px; background-color: #FBF9F6; border-radius: 2px; box-sizing: border-box;\">\r\n                <iframe src=\"https:\/\/www.google.com\/maps\/embed?pb=!1m14!1m8!1m3!1d27009.684448389547!2d-105.5017405!3d20.7575168!3m2!1i1024!2i768!4f13.1!3m3!1m2!1s0x84216b2e46923b6f%3A0xad731e3954d2e873!2sCasa%20Caleta!5e1!3m2!1ses-419!2smx!4v1784402636275!5m2!1ses-419!2smx\" style=\"border:0; width: 100%; height: 420px; display: block; background-color: #FBF9F6;\" allowfullscreen=\"\" loading=\"lazy\" referrerpolicy=\"strict-origin-when-cross-origin\"><\/iframe>\r\n            <\/div>\r\n            <div style=\"flex: 1; min-width: 280px; display: flex; flex-direction: column; justify-content: center; background-color: #FBF9F6; box-sizing: border-box;\">\r\n                <h3 style=\"color: #2B2017; font-family: 'Cormorant Garamond', serif; font-size: 26px; font-weight: 400; margin: 0 0 30px 0; font-style: italic;\">Distances depuis le refuge<\/h3>\r\n                <div style=\"display: flex; justify-content: space-between; align-items: baseline; margin-bottom: 20px; font-size: 14px; color: #2B2017; border-bottom: 1px dashed #A6917B; padding-bottom: 8px;\">\r\n                    <span>A\u00e9roport international (PVR)<\/span>\r\n                    <span style=\"color: #A6917B; font-weight: 600; white-space: nowrap; margin-left: 15px;\">45 minutes<\/span>\r\n                <\/div>\r\n                <div style=\"display: flex; justify-content: space-between; align-items: baseline; margin-bottom: 20px; font-size: 14px; color: #2B2017; border-bottom: 1px dashed #A6917B; padding-bottom: 8px;\">\r\n                    <span>Portes du complexe h\u00f4telier Punta Mita<\/span>\r\n                    <span style=\"color: #A6917B; font-weight: 600; white-space: nowrap; margin-left: 15px;\">08 minutes<\/span>\r\n                <\/div>\r\n                <div style=\"display: flex; justify-content: space-between; align-items: baseline; margin-bottom: 20px; font-size: 14px; color: #2B2017; border-bottom: 1px dashed #A6917B; padding-bottom: 8px;\">\r\n                    <span>Sayulita, la ville magique<\/span>\r\n                    <span style=\"color: #A6917B; font-weight: 600; white-space: nowrap; margin-left: 15px;\">25 minutes<\/span>\r\n                <\/div>\r\n                <div style=\"display: flex; justify-content: space-between; align-items: baseline; font-size: 14px; color: #2B2017; padding-bottom: 8px;\">\r\n                    <span>Marina La Cruz de Huanacaxtle<\/span>\r\n                    <span style=\"color: #A6917B; font-weight: 600; white-space: nowrap; margin-left: 15px;\">15 minutes<\/span>\r\n                <\/div>\r\n            <\/div>\r\n        <\/div>\r\n    <\/div>\r\n\r\n    <!-- BLOQUE 4: MOSAICO ASIM\u00c9TRICO DE IM\u00c1GENES HORIZONTALES -->\r\n    <div style=\"width: 100%; max-width: 1200px; margin: 0 auto 100px auto; padding: 0 20px; box-sizing: border-box; background-color: #FBF9F6;\">\r\n        <span style=\"color: #A6917B; font-size: 11px; text-transform: uppercase; letter-spacing: 4px; display: block; margin-bottom: 30px; font-weight: 600; text-align: center;\">Album environnemental<\/span>\r\n        <div style=\"display: flex; flex-wrap: wrap; gap: 20px;\">\r\n            <div style=\"display: flex; flex: 1 1 100%; gap: 20px; flex-wrap: wrap;\">\r\n                <div style=\"flex: 1.2; min-width: 280px;\">\r\n                    <img decoding=\"async\" src=\"https:\/\/casalacaleta.iniciorealestate.com\/wp-content\/uploads\/2026\/07\/PONTOQUITO-CASA-CALETA-63-6.webp\" alt=\"D\u00e9tail de terrasse \u00e0 Pontoquito\" style=\"width: 100%; height: 320px; object-fit: cover; border-radius: 2px; border: 1px solid rgba(166,145,123,0.4);\" \/>\r\n                <\/div>\r\n                <div style=\"flex: 0.8; min-width: 280px;\">\r\n                    <img decoding=\"async\" src=\"https:\/\/casalacaleta.iniciorealestate.com\/wp-content\/uploads\/2026\/07\/PONTOQUITO-CASA-CALETA-63-4.webp\" alt=\"Vue ext\u00e9rieure panoramique de la Casa La Caleta\" style=\"width: 100%; height: 320px; object-fit: cover; border-radius: 2px; border: 1px solid rgba(166,145,123,0.4);\" \/>\r\n                <\/div>\r\n            <\/div>\r\n            <div style=\"display: flex; flex: 1 1 100%; gap: 20px; flex-wrap: wrap;\">\r\n                <div style=\"flex: 0.9; min-width: 240px;\">\r\n                    <img decoding=\"async\" src=\"https:\/\/casalacaleta.iniciorealestate.com\/wp-content\/uploads\/2026\/07\/PONTOQUITO-CASA-CALETA-69-6.webp\" alt=\"Espace social int\u00e9gr\u00e9\" style=\"width: 100%; height: 240px; object-fit: cover; border-radius: 2px; border: 1px solid rgba(166,145,123,0.4);\" \/>\r\n                <\/div>\r\n                <div style=\"flex: 1.3; min-width: 240px;\">\r\n                    <img decoding=\"async\" src=\"https:\/\/casalacaleta.iniciorealestate.com\/wp-content\/uploads\/2026\/07\/PONTOQUITO-CASA-CALETA-69-3.webp\" alt=\"vue sur la mer depuis la villa\" style=\"width: 100%; height: 240px; object-fit: cover; border-radius: 2px; border: 1px solid rgba(166,145,123,0.4);\" \/>\r\n                <\/div>\r\n                <div style=\"flex: 0.8; min-width: 240px;\">\r\n                    <img decoding=\"async\" src=\"https:\/\/casalacaleta.iniciorealestate.com\/wp-content\/uploads\/2026\/07\/PONTOQUITO-CASA-CALETA-20-9.webp\" alt=\"Architecture ext\u00e9rieure de Pontoquito\" style=\"width: 100%; height: 240px; object-fit: cover; border-radius: 2px; border: 1px solid rgba(166,145,123,0.4);\" \/>\r\n                <\/div>\r\n            <\/div>\r\n        <\/div>\r\n    <\/div>\r\n\r\n    <!-- CITA DE CIERRE INSPIRACIONAL -->\r\n    <div style=\"width: 100%; max-width: 900px; margin: 0 auto; text-align: center; padding: 60px 20px 80px 20px; border-top: 1px solid #A6917B; box-sizing: border-box; background-color: #FBF9F6;\">\r\n        <p style=\"color: #2B2017; font-family: 'Cormorant Garamond', serif; font-size: 24px; font-style: italic; line-height: 1.8; margin: 0;\">\r\n            \" La convergence parfaite entre l\u2019isolement naturel du Pacifique et les destinations les plus prestigieuses de la Riviera. \"\r\n        <\/p>\r\n    <\/div>\r\n<\/section>\t\t\t\t<\/div>\n\t\t\t\t<\/div>\n\t\t\t\t\t<\/div>\n\t\t\t\t<\/div>\n\t\t\t\t<\/div>","protected":false},"excerpt":{"rendered":"<p>El Enclave Pontoquito &#038; El Horizonte Privado Aislamiento entre Acantilados Resguardada por la geograf\u00eda ind\u00f3mita de Punta de Mita, la ubicaci\u00f3n de Casa La Caleta en Pontoquito redefine el concepto de privacidad costera. Un ecosistema privado donde el rumor del Pac\u00edfico es el \u00fanico sonido persistente. Conectividad Discreta Un punto de retiro absoluto que mantiene [&hellip;]<\/p>","protected":false},"author":2,"featured_media":0,"parent":0,"menu_order":0,"comment_status":"closed","ping_status":"closed","template":"","meta":{"_yoast_wpseo_title":"Casa La Caleta en Pontoquito | Ubicaci\u00f3n en Punta de Mita","_yoast_wpseo_metadesc":"Descubre la ubicaci\u00f3n exclusiva en Punta de Mita, un refugio privado junto al Pac\u00edfico con acceso a lo mejor de la Riviera Nayarit.","footnotes":""},"class_list":["post-23804","page","type-page","status-publish","hentry"],"yoast_head":"<!-- This site is optimized with the Yoast SEO plugin v28.4 - https:\/\/yoast.com\/product\/yoast-seo-wordpress\/ -->\n<title>Casa La Caleta en Pontoquito | Ubicaci\u00f3n en Punta de Mita<\/title>\n<meta name=\"description\" content=\"Descubre la ubicaci\u00f3n exclusiva en Punta de Mita, un refugio privado junto al Pac\u00edfico con acceso a lo mejor de la Riviera Nayarit.\" \/>\n<meta name=\"robots\" content=\"index, follow, max-snippet:-1, max-image-preview:large, max-video-preview:-1\" \/>\n<link rel=\"canonical\" href=\"https:\/\/casalacaleta.iniciorealestate.com\/fr\/emplacement-de-la-maison-a-la-caleta\/\" \/>\n<meta property=\"og:locale\" content=\"fr_CA\" \/>\n<meta property=\"og:type\" content=\"article\" \/>\n<meta property=\"og:title\" content=\"Casa La Caleta en Pontoquito | Ubicaci\u00f3n en Punta de Mita\" \/>\n<meta property=\"og:description\" content=\"Descubre la ubicaci\u00f3n exclusiva en Punta de Mita, un refugio privado junto al Pac\u00edfico con acceso a lo mejor de la Riviera Nayarit.\" \/>\n<meta property=\"og:url\" content=\"https:\/\/casalacaleta.iniciorealestate.com\/fr\/emplacement-de-la-maison-a-la-caleta\/\" \/>\n<meta property=\"og:site_name\" content=\"Casa la Caleta: Tu Refugio Exclusivo frente al Mar en Pontoquito, Punta de Mita\" \/>\n<meta property=\"article:modified_time\" content=\"2026-07-25T17:07:36+00:00\" \/>\n<meta property=\"og:image\" content=\"https:\/\/casalacaleta.iniciorealestate.com\/wp-content\/uploads\/2026\/07\/PONTOQUITO-15-4.webp\" \/>\n<meta name=\"twitter:card\" content=\"summary_large_image\" \/>\n<meta name=\"twitter:label1\" content=\"Estimation du temps de lecture\" \/>\n\t<meta name=\"twitter:data1\" content=\"3 minutes\" \/>\n<script type=\"application\/ld+json\" class=\"yoast-schema-graph\">{\"@context\":\"https:\\\/\\\/schema.org\",\"@graph\":[{\"@type\":\"WebPage\",\"@id\":\"https:\\\/\\\/casalacaleta.iniciorealestate.com\\\/ubicacion-casa-la-caleta\\\/\",\"url\":\"https:\\\/\\\/casalacaleta.iniciorealestate.com\\\/ubicacion-casa-la-caleta\\\/\",\"name\":\"Casa La Caleta en Pontoquito | Ubicaci\u00f3n en Punta de Mita\",\"isPartOf\":{\"@id\":\"https:\\\/\\\/casalacaleta.iniciorealestate.com\\\/#website\"},\"primaryImageOfPage\":{\"@id\":\"https:\\\/\\\/casalacaleta.iniciorealestate.com\\\/ubicacion-casa-la-caleta\\\/#primaryimage\"},\"image\":{\"@id\":\"https:\\\/\\\/casalacaleta.iniciorealestate.com\\\/ubicacion-casa-la-caleta\\\/#primaryimage\"},\"thumbnailUrl\":\"https:\\\/\\\/casalacaleta.iniciorealestate.com\\\/wp-content\\\/uploads\\\/2026\\\/07\\\/PONTOQUITO-15-4.webp\",\"datePublished\":\"2026-07-18T19:30:34+00:00\",\"dateModified\":\"2026-07-25T17:07:36+00:00\",\"description\":\"Descubre la ubicaci\u00f3n exclusiva en Punta de Mita, un refugio privado junto al Pac\u00edfico con acceso a lo mejor de la Riviera Nayarit.\",\"breadcrumb\":{\"@id\":\"https:\\\/\\\/casalacaleta.iniciorealestate.com\\\/ubicacion-casa-la-caleta\\\/#breadcrumb\"},\"inLanguage\":\"fr-CA\",\"potentialAction\":[{\"@type\":\"ReadAction\",\"target\":[\"https:\\\/\\\/casalacaleta.iniciorealestate.com\\\/ubicacion-casa-la-caleta\\\/\"]}]},{\"@type\":\"ImageObject\",\"inLanguage\":\"fr-CA\",\"@id\":\"https:\\\/\\\/casalacaleta.iniciorealestate.com\\\/ubicacion-casa-la-caleta\\\/#primaryimage\",\"url\":\"https:\\\/\\\/casalacaleta.iniciorealestate.com\\\/wp-content\\\/uploads\\\/2026\\\/07\\\/PONTOQUITO-15-4.webp\",\"contentUrl\":\"https:\\\/\\\/casalacaleta.iniciorealestate.com\\\/wp-content\\\/uploads\\\/2026\\\/07\\\/PONTOQUITO-15-4.webp\"},{\"@type\":\"BreadcrumbList\",\"@id\":\"https:\\\/\\\/casalacaleta.iniciorealestate.com\\\/ubicacion-casa-la-caleta\\\/#breadcrumb\",\"itemListElement\":[{\"@type\":\"ListItem\",\"position\":1,\"name\":\"Inicio\",\"item\":\"https:\\\/\\\/casalacaleta.iniciorealestate.com\\\/\"},{\"@type\":\"ListItem\",\"position\":2,\"name\":\"UBICACI\u00d3N\"}]},{\"@type\":\"WebSite\",\"@id\":\"https:\\\/\\\/casalacaleta.iniciorealestate.com\\\/#website\",\"url\":\"https:\\\/\\\/casalacaleta.iniciorealestate.com\\\/\",\"name\":\"Casa la Caleta: Tu Refugio Exclusivo frente al Mar en Pontoquito, Punta de Mita\",\"description\":\"Descubre el verdadero significado del lujo costero en Casa la Caleta, un santuario residencial de alta plusval\u00eda ubicado en el exclusivo para\u00edso de Pontoquito, Punta de Mita, Nayarit. El escenario perfecto para asegurar tu patrimonio y disfrutar de la m\u00e1xima privacidad frente al mar.\",\"publisher\":{\"@id\":\"https:\\\/\\\/casalacaleta.iniciorealestate.com\\\/#organization\"},\"alternateName\":\"Casa la Caleta\",\"potentialAction\":[{\"@type\":\"SearchAction\",\"target\":{\"@type\":\"EntryPoint\",\"urlTemplate\":\"https:\\\/\\\/casalacaleta.iniciorealestate.com\\\/?s={search_term_string}\"},\"query-input\":{\"@type\":\"PropertyValueSpecification\",\"valueRequired\":true,\"valueName\":\"search_term_string\"}}],\"inLanguage\":\"fr-CA\"},{\"@type\":\"Organization\",\"@id\":\"https:\\\/\\\/casalacaleta.iniciorealestate.com\\\/#organization\",\"name\":\"Casa la Caleta: Tu Refugio Exclusivo frente al Mar en Pontoquito, Punta de Mita\",\"alternateName\":\"Casa la Caleta\",\"url\":\"https:\\\/\\\/casalacaleta.iniciorealestate.com\\\/\",\"logo\":{\"@type\":\"ImageObject\",\"inLanguage\":\"fr-CA\",\"@id\":\"https:\\\/\\\/casalacaleta.iniciorealestate.com\\\/#\\\/schema\\\/logo\\\/image\\\/\",\"url\":\"https:\\\/\\\/casalacaleta.iniciorealestate.com\\\/wp-content\\\/uploads\\\/2026\\\/07\\\/Casa-caleta_LOGO.webp\",\"contentUrl\":\"https:\\\/\\\/casalacaleta.iniciorealestate.com\\\/wp-content\\\/uploads\\\/2026\\\/07\\\/Casa-caleta_LOGO.webp\",\"width\":1122,\"height\":768,\"caption\":\"Casa la Caleta: Tu Refugio Exclusivo frente al Mar en Pontoquito, Punta de Mita\"},\"image\":{\"@id\":\"https:\\\/\\\/casalacaleta.iniciorealestate.com\\\/#\\\/schema\\\/logo\\\/image\\\/\"}}]}<\/script>\n<!-- \/ Yoast SEO plugin. -->","yoast_head_json":{"title":"Maison La Caleta \u00e0 Pontoquito | Localisation \u00e0 Punta de Mita","description":"D\u00e9couvrez ce lieu exclusif \u00e0 Punta de Mita, un refuge priv\u00e9 en bord de Pacifique offrant un acc\u00e8s privil\u00e9gi\u00e9 au meilleur de la Riviera Nayarit.","robots":{"index":"index","follow":"follow","max-snippet":"max-snippet:-1","max-image-preview":"max-image-preview:large","max-video-preview":"max-video-preview:-1"},"canonical":"https:\/\/casalacaleta.iniciorealestate.com\/fr\/emplacement-de-la-maison-a-la-caleta\/","og_locale":"fr_CA","og_type":"article","og_title":"Casa La Caleta en Pontoquito | Ubicaci\u00f3n en Punta de Mita","og_description":"Descubre la ubicaci\u00f3n exclusiva en Punta de Mita, un refugio privado junto al Pac\u00edfico con acceso a lo mejor de la Riviera Nayarit.","og_url":"https:\/\/casalacaleta.iniciorealestate.com\/fr\/emplacement-de-la-maison-a-la-caleta\/","og_site_name":"Casa la Caleta: Tu Refugio Exclusivo frente al Mar en Pontoquito, Punta de Mita","article_modified_time":"2026-07-25T17:07:36+00:00","og_image":[{"url":"https:\/\/casalacaleta.iniciorealestate.com\/wp-content\/uploads\/2026\/07\/PONTOQUITO-15-4.webp","type":"","width":"","height":""}],"twitter_card":"summary_large_image","twitter_misc":{"Estimation du temps de lecture":"3 minutes"},"schema":{"@context":"https:\/\/schema.org","@graph":[{"@type":"WebPage","@id":"https:\/\/casalacaleta.iniciorealestate.com\/ubicacion-casa-la-caleta\/","url":"https:\/\/casalacaleta.iniciorealestate.com\/ubicacion-casa-la-caleta\/","name":"Maison La Caleta \u00e0 Pontoquito | Localisation \u00e0 Punta de Mita","isPartOf":{"@id":"https:\/\/casalacaleta.iniciorealestate.com\/#website"},"primaryImageOfPage":{"@id":"https:\/\/casalacaleta.iniciorealestate.com\/ubicacion-casa-la-caleta\/#primaryimage"},"image":{"@id":"https:\/\/casalacaleta.iniciorealestate.com\/ubicacion-casa-la-caleta\/#primaryimage"},"thumbnailUrl":"https:\/\/casalacaleta.iniciorealestate.com\/wp-content\/uploads\/2026\/07\/PONTOQUITO-15-4.webp","datePublished":"2026-07-18T19:30:34+00:00","dateModified":"2026-07-25T17:07:36+00:00","description":"D\u00e9couvrez ce lieu exclusif \u00e0 Punta de Mita, un refuge priv\u00e9 en bord de Pacifique offrant un acc\u00e8s privil\u00e9gi\u00e9 au meilleur de la Riviera Nayarit.","breadcrumb":{"@id":"https:\/\/casalacaleta.iniciorealestate.com\/ubicacion-casa-la-caleta\/#breadcrumb"},"inLanguage":"fr-CA","potentialAction":[{"@type":"ReadAction","target":["https:\/\/casalacaleta.iniciorealestate.com\/ubicacion-casa-la-caleta\/"]}]},{"@type":"ImageObject","inLanguage":"fr-CA","@id":"https:\/\/casalacaleta.iniciorealestate.com\/ubicacion-casa-la-caleta\/#primaryimage","url":"https:\/\/casalacaleta.iniciorealestate.com\/wp-content\/uploads\/2026\/07\/PONTOQUITO-15-4.webp","contentUrl":"https:\/\/casalacaleta.iniciorealestate.com\/wp-content\/uploads\/2026\/07\/PONTOQUITO-15-4.webp"},{"@type":"BreadcrumbList","@id":"https:\/\/casalacaleta.iniciorealestate.com\/ubicacion-casa-la-caleta\/#breadcrumb","itemListElement":[{"@type":"ListItem","position":1,"name":"Inicio","item":"https:\/\/casalacaleta.iniciorealestate.com\/"},{"@type":"ListItem","position":2,"name":"UBICACI\u00d3N"}]},{"@type":"WebSite","@id":"https:\/\/casalacaleta.iniciorealestate.com\/#website","url":"https:\/\/casalacaleta.iniciorealestate.com\/","name":"Casa la Caleta: votre retraite exclusive en bord de mer \u00e0 Pontoquito, Punta de Mita","description":"D\u00e9couvrez le v\u00e9ritable sens du luxe c\u00f4tier \u00e0 Casa la Caleta, un havre de paix r\u00e9sidentiel haut de gamme nich\u00e9 dans le paradis exclusif de Pontoquito, \u00e0 Punta de Mita, dans l&#039;\u00c9tat de Nayarit. Un cadre id\u00e9al pour assurer votre avenir et profiter d&#039;une intimit\u00e9 absolue en bord de mer.","publisher":{"@id":"https:\/\/casalacaleta.iniciorealestate.com\/#organization"},"alternateName":"Casa la Caleta","potentialAction":[{"@type":"SearchAction","target":{"@type":"EntryPoint","urlTemplate":"https:\/\/casalacaleta.iniciorealestate.com\/?s={search_term_string}"},"query-input":{"@type":"PropertyValueSpecification","valueRequired":true,"valueName":"search_term_string"}}],"inLanguage":"fr-CA"},{"@type":"Organization","@id":"https:\/\/casalacaleta.iniciorealestate.com\/#organization","name":"Casa la Caleta: votre retraite exclusive en bord de mer \u00e0 Pontoquito, Punta de Mita","alternateName":"Casa la Caleta","url":"https:\/\/casalacaleta.iniciorealestate.com\/","logo":{"@type":"ImageObject","inLanguage":"fr-CA","@id":"https:\/\/casalacaleta.iniciorealestate.com\/#\/schema\/logo\/image\/","url":"https:\/\/casalacaleta.iniciorealestate.com\/wp-content\/uploads\/2026\/07\/Casa-caleta_LOGO.webp","contentUrl":"https:\/\/casalacaleta.iniciorealestate.com\/wp-content\/uploads\/2026\/07\/Casa-caleta_LOGO.webp","width":1122,"height":768,"caption":"Casa la Caleta: Tu Refugio Exclusivo frente al Mar en Pontoquito, Punta de Mita"},"image":{"@id":"https:\/\/casalacaleta.iniciorealestate.com\/#\/schema\/logo\/image\/"}}]}},"_links":{"self":[{"href":"https:\/\/casalacaleta.iniciorealestate.com\/fr\/wp-json\/wp\/v2\/pages\/23804","targetHints":{"allow":["GET"]}}],"collection":[{"href":"https:\/\/casalacaleta.iniciorealestate.com\/fr\/wp-json\/wp\/v2\/pages"}],"about":[{"href":"https:\/\/casalacaleta.iniciorealestate.com\/fr\/wp-json\/wp\/v2\/types\/page"}],"author":[{"embeddable":true,"href":"https:\/\/casalacaleta.iniciorealestate.com\/fr\/wp-json\/wp\/v2\/users\/2"}],"replies":[{"embeddable":true,"href":"https:\/\/casalacaleta.iniciorealestate.com\/fr\/wp-json\/wp\/v2\/comments?post=23804"}],"version-history":[{"count":10,"href":"https:\/\/casalacaleta.iniciorealestate.com\/fr\/wp-json\/wp\/v2\/pages\/23804\/revisions"}],"predecessor-version":[{"id":23827,"href":"https:\/\/casalacaleta.iniciorealestate.com\/fr\/wp-json\/wp\/v2\/pages\/23804\/revisions\/23827"}],"wp:attachment":[{"href":"https:\/\/casalacaleta.iniciorealestate.com\/fr\/wp-json\/wp\/v2\/media?parent=23804"}],"curies":[{"name":"wp","href":"https:\/\/api.w.org\/{rel}","templated":true}]}}