{"id":873,"date":"2026-02-02T23:35:00","date_gmt":"2026-02-02T23:35:00","guid":{"rendered":"https:\/\/aldeahortusresidencial.com\/?page_id=873"},"modified":"2026-07-20T16:39:28","modified_gmt":"2026-07-20T16:39:28","slug":"contact","status":"publish","type":"page","link":"https:\/\/casalacaleta.iniciorealestate.com\/fr\/contacto\/","title":{"rendered":"CONTACT"},"content":{"rendered":"<div data-elementor-type=\"wp-page\" data-elementor-id=\"873\" class=\"elementor elementor-873\" data-elementor-post-type=\"page\">\n\t\t\t\t<div class=\"elementor-element elementor-element-d826912 e-flex e-con-boxed e-con e-parent\" data-id=\"d826912\" data-element_type=\"container\" data-e-type=\"container\" data-settings=\"{&quot;background_background&quot;:&quot;classic&quot;}\">\n\t\t\t\t\t<div class=\"e-con-inner\">\n\t\t\t\t<div class=\"elementor-element elementor-element-2e3f48f elementor-widget elementor-widget-html\" data-id=\"2e3f48f\" data-element_type=\"widget\" data-e-type=\"widget\" data-widget_type=\"html.default\">\n\t\t\t\t<div class=\"elementor-widget-container\">\n\t\t\t\t\t<!-- SECCI\u00d3N DE CONTACTO CORPORATIVA: INICIO REAL ESTATE -->\r\n<section style=\"max-width: 100%; margin: 0 auto; padding: 60px 0; font-family: 'Inter', sans-serif; background-color: #FBF9F6; color: #2B2017; overflow: hidden;\">\r\n\r\n    <!-- ENCABEZADO EDITORIAL -->\r\n    <div style=\"width: 100%; max-width: 1200px; margin: 0 auto 80px auto; padding: 0 20px; box-sizing: border-box; text-align: center;\">\r\n        <span style=\"color: #A6917B; font-size: 11px; text-transform: uppercase; letter-spacing: 5px; display: block; margin-bottom: 20px; font-weight: 600;\">L&#039;exp\u00e9rience commence<\/span>\r\n        <h1 style=\"color: #2B2017; font-family: 'Cormorant Garamond', serif; font-size: 46px; font-weight: 300; margin: 0; text-transform: uppercase; letter-spacing: 1px; line-height: 1.2;\">\r\n            Connectez-vous avec <br><span style=\"font-style: italic; text-transform: none;\">Casa La Caleta<\/span>\r\n        <\/h1>\r\n    <\/div>\r\n\r\n    <!-- CUERPO DE LA P\u00c1GINA -->\r\n    <div style=\"width: 100%; max-width: 1200px; margin: 0 auto; padding: 0 20px; box-sizing: border-box; display: flex; flex-wrap: wrap; gap: 60px; align-items: flex-start;\">\r\n        \r\n        <!-- COLUMNA IZQUIERDA: FORMULARIO -->\r\n        <div style=\"flex: 1.3; min-width: 320px; border: 1px solid #A6917B; padding: 40px; background-color: #FBF9F6; box-sizing: border-box; border-radius: 2px;\">\r\n            <h3 style=\"color: #2B2017; font-family: 'Cormorant Garamond', serif; font-size: 28px; font-weight: 400; font-style: italic; margin: 0 0 30px 0;\">Demande d&#039;informations<\/h3>\r\n            \r\n            <form id=\"form-contacto-luxury\" method=\"POST\" action=\"\">\r\n                <div style=\"margin-bottom: 25px;\">\r\n                    <label style=\"color: #A6917B; text-transform: uppercase; font-size: 10px; letter-spacing: 2px; display: block; font-weight: 600; margin-bottom: 8px;\">Nom et pr\u00e9nom *<\/label>\r\n                    <input type=\"text\" name=\"nombre\" required style=\"width: 100%; background-color: #FBF9F6; border: 0; border-bottom: 1px solid #A6917B; color: #2B2017; padding: 10px 0; font-size: 15px; font-family: 'Inter', sans-serif; outline: none; box-sizing: border-box;\" \/>\r\n                <\/div>\r\n\r\n                <div style=\"margin-bottom: 25px;\">\r\n                    <label style=\"color: #A6917B; text-transform: uppercase; font-size: 10px; letter-spacing: 2px; display: block; font-weight: 600; margin-bottom: 8px;\">E-mail *<\/label>\r\n                    <input type=\"email\" name=\"email\" required style=\"width: 100%; background-color: #FBF9F6; border: 0; border-bottom: 1px solid #A6917B; color: #2B2017; padding: 10px 0; font-size: 15px; font-family: 'Inter', sans-serif; outline: none; box-sizing: border-box;\" \/>\r\n                <\/div>\r\n\r\n                <div style=\"margin-bottom: 25px;\">\r\n                    <label style=\"color: #A6917B; text-transform: uppercase; font-size: 10px; letter-spacing: 2px; display: block; font-weight: 600; margin-bottom: 8px;\">Num\u00e9ro de t\u00e9l\u00e9phone de contact<\/label>\r\n                    <input type=\"tel\" name=\"telefono\" style=\"width: 100%; background-color: #FBF9F6; border: 0; border-bottom: 1px solid #A6917B; color: #2B2017; padding: 10px 0; font-size: 15px; font-family: 'Inter', sans-serif; outline: none; box-sizing: border-box;\" \/>\r\n                <\/div>\r\n\r\n                <div style=\"margin-bottom: 35px;\">\r\n                    <label style=\"color: #A6917B; text-transform: uppercase; font-size: 10px; letter-spacing: 2px; display: block; font-weight: 600; margin-bottom: 8px;\">Message ou exigences particuli\u00e8res<\/label>\r\n                    <textarea name=\"mensaje\" rows=\"4\" style=\"width: 100%; background-color: #FBF9F6; border: 0; border-bottom: 1px solid #A6917B; color: #2B2017; padding: 10px 0; font-size: 15px; font-family: 'Inter', sans-serif; outline: none; resize: none; box-sizing: border-box; line-height: 1.6;\"><\/textarea>\r\n                <\/div>\r\n\r\n                <button type=\"submit\" style=\"background-color: transparent; border: 1px solid #A6917B; color: #2B2017; text-transform: uppercase; font-size: 12px; letter-spacing: 3px; font-weight: 600; padding: 15px 40px; cursor: pointer; display: block; width: 100%; transition: all 0.3s ease; border-radius: 2px; font-family: 'Inter', sans-serif;\">\r\n                    Soumettre une candidature\r\n                <\/button>\r\n                \r\n                <div id=\"form-status-msg\" style=\"margin-top: 20px; font-size: 14px; font-family: 'Cormorant Garamond', serif; font-style: italic; text-align: center; display: none;\"><\/div>\r\n            <input type=\"hidden\" name=\"trp-form-language\" value=\"fr\"\/><\/form>\r\n        <\/div>\r\n\r\n        <!-- COLUMNA DERECHA: DATOS -->\r\n        <div style=\"flex: 1; min-width: 290px; box-sizing: border-box; padding-top: 10px;\">\r\n            <div style=\"margin-bottom: 40px;\">\r\n                <img decoding=\"async\" src=\"https:\/\/casalacaleta.iniciorealestate.com\/wp-content\/uploads\/2026\/07\/PONTOQUITO-CASA-CALETA-63-1.webp\" alt=\"Acc\u00e8s \u00e0 la Casa La Caleta\" style=\"width: 100%; height: 320px; object-fit: cover; border-radius: 2px; border-left: 2px solid #A6917B; padding-left: 15px; box-sizing: border-box; margin-bottom: 12px;\" \/>\r\n                <p style=\"color: #A6917B; font-family: 'Cormorant Garamond', serif; font-size: 14px; font-style: italic; margin: 0; padding-left: 17px; letter-spacing: 0.5px;\">\r\n                    Les mat\u00e9riaux nobles et la lumi\u00e8re naturelle dominent les entr\u00e9es principales de la r\u00e9sidence.\r\n                <\/p>\r\n            <\/div>\r\n\r\n            <h2 style=\"color: #2B2017; font-family: 'Cormorant Garamond', serif; font-size: 32px; font-weight: 400; font-style: italic; margin: 0 0 30px 0;\">Cha\u00eenes directes<\/h2>\r\n            \r\n            <div style=\"font-size: 14px; line-height: 2;\">\r\n                <div style=\"margin-bottom: 20px; border-bottom: 1px dashed rgba(166,145,123,0.3); padding-bottom: 15px;\">\r\n                    <span style=\"color: #A6917B; text-transform: uppercase; font-size: 10px; letter-spacing: 2px; display: block; font-weight: 600; margin-bottom: 5px;\">Ligne r\u00e9sidentielle<\/span>\r\n                    <span style=\"font-weight: 500; font-size: 16px;\">(329) 122 1375<\/span>\r\n                <\/div>\r\n                \r\n                <div style=\"margin-bottom: 20px; border-bottom: 1px dashed rgba(166,145,123,0.3); padding-bottom: 15px;\">\r\n                    <span style=\"color: #A6917B; text-transform: uppercase; font-size: 10px; letter-spacing: 2px; display: block; font-weight: 600; margin-bottom: 5px;\">Demandes \u00e9crites<\/span>\r\n                    <a href=\"mailto:gerencia@iniciorealestate.com\" style=\"color: #2B2017; text-decoration: none; font-weight: 500; font-size: 16px;\">management@iniciorealestate.com<\/a>\r\n                <\/div>\r\n\r\n                <div>\r\n                    <span style=\"color: #A6917B; text-transform: uppercase; font-size: 10px; letter-spacing: 2px; display: block; font-weight: 600; margin-bottom: 5px;\">Gestion d&#039;entreprise<\/span>\r\n                    <span style=\"opacity: 0.9;\">Priv. Tepic Sur 309-A, Industriel, Mezcales, Nayarit.<\/span>\r\n                <\/div>\r\n            <\/div>\r\n        <\/div>\r\n\r\n    <\/div>\r\n<\/section>\r\n\r\n<script>\r\ndocument.addEventListener('DOMContentLoaded', function() {\r\n    const form = document.getElementById('form-contacto-luxury');\r\n    const statusMsg = document.getElementById('form-status-msg');\r\n\r\n    if(form) {\r\n        form.addEventListener('submit', function(e) {\r\n            e.preventDefault();\r\n            statusMsg.style.color = '#A6917B';\r\n            statusMsg.innerText = 'Procesando su solicitud con discreci\u00f3n...';\r\n            statusMsg.style.display = 'block';\r\n\r\n            const formData = new FormData(form);\r\n            formData.append('action', 'procesar_contacto_luxury');\r\n\r\n            fetch('\/wp-admin\/admin-ajax.php', {\r\n                method: 'POST',\r\n                body: formData\r\n            })\r\n            .then(response => response.json())\r\n            .then(data => {\r\n                if(data.success) {\r\n                    statusMsg.style.color = '#2B2017';\r\n                    statusMsg.innerText = 'Solicitud enviada con \u00e9xito. Un asesor especializado se comunicar\u00e1 a la brevedad.';\r\n                    form.reset();\r\n                } else {\r\n                    statusMsg.style.color = '#A6917B';\r\n                    statusMsg.innerText = 'Hubo un inconveniente al procesar el env\u00edo. Por favor, intente de nuevo.';\r\n                }\r\n            })\r\n            .catch(error => {\r\n                statusMsg.style.color = '#A6917B';\r\n                statusMsg.innerText = 'Error de conexi\u00f3n. Puede contactarnos directamente por correo electr\u00f3nico.';\r\n            });\r\n        });\r\n    }\r\n});\r\n<\/script>\t\t\t\t<\/div>\n\t\t\t\t<\/div>\n\t\t\t\t\t<\/div>\n\t\t\t\t<\/div>\n\t\t\t\t<\/div>","protected":false},"excerpt":{"rendered":"<p>Comienza la Experiencia Conecta con Casa La Caleta Solicitud de Informaci\u00f3n Nombre Completo * Correo Electr\u00f3nico * Tel\u00e9fono de Contacto Mensaje o Requerimientos Especiales Enviar Solicitud Materiales nobles y luz natural dominan los accesos principales de la residencia. Canales Directos L\u00ednea Residencial (329) 122 1375 Consultas Escritas gerencia@iniciorealestate.com Direcci\u00f3n Corporativa Priv. Tepic Sur 309-A, Industrial, [&hellip;]<\/p>","protected":false},"author":1,"featured_media":0,"parent":0,"menu_order":0,"comment_status":"closed","ping_status":"closed","template":"","meta":{"_yoast_wpseo_title":"","_yoast_wpseo_metadesc":"","footnotes":""},"class_list":["post-873","page","type-page","status-publish","hentry"],"yoast_head":"<!-- This site is optimized with the Yoast SEO plugin v28.4 - https:\/\/yoast.com\/product\/yoast-seo-wordpress\/ -->\n<title>CONTACTO - Casa la Caleta: Tu Refugio Exclusivo frente al Mar en Pontoquito, Punta de Mita<\/title>\n<meta name=\"robots\" content=\"index, follow, max-snippet:-1, max-image-preview:large, max-video-preview:-1\" \/>\n<link rel=\"canonical\" href=\"https:\/\/casalacaleta.iniciorealestate.com\/fr\/contact\/\" \/>\n<meta property=\"og:locale\" content=\"fr_CA\" \/>\n<meta property=\"og:type\" content=\"article\" \/>\n<meta property=\"og:title\" content=\"CONTACTO - Casa la Caleta: Tu Refugio Exclusivo frente al Mar en Pontoquito, Punta de Mita\" \/>\n<meta property=\"og:description\" content=\"Comienza la Experiencia Conecta con Casa La Caleta Solicitud de Informaci\u00f3n Nombre Completo * Correo Electr\u00f3nico * Tel\u00e9fono de Contacto Mensaje o Requerimientos Especiales Enviar Solicitud Materiales nobles y luz natural dominan los accesos principales de la residencia. Canales Directos L\u00ednea Residencial (329) 122 1375 Consultas Escritas gerencia@iniciorealestate.com Direcci\u00f3n Corporativa Priv. Tepic Sur 309-A, Industrial, [&hellip;]\" \/>\n<meta property=\"og:url\" content=\"https:\/\/casalacaleta.iniciorealestate.com\/fr\/contact\/\" \/>\n<meta property=\"og:site_name\" content=\"Casa la Caleta: Tu Refugio Exclusivo frente al Mar en Pontoquito, Punta de Mita\" \/>\n<meta property=\"article:modified_time\" content=\"2026-07-20T16:39:28+00:00\" \/>\n<meta property=\"og:image\" content=\"https:\/\/casalacaleta.iniciorealestate.com\/wp-content\/uploads\/2026\/07\/PONTOQUITO-CASA-CALETA-63-1.webp\" \/>\n<meta name=\"twitter:card\" content=\"summary_large_image\" \/>\n<meta name=\"twitter:label1\" content=\"Estimation du temps de lecture\" \/>\n\t<meta name=\"twitter:data1\" content=\"1 minute\" \/>\n<script type=\"application\/ld+json\" class=\"yoast-schema-graph\">{\"@context\":\"https:\\\/\\\/schema.org\",\"@graph\":[{\"@type\":\"WebPage\",\"@id\":\"https:\\\/\\\/casalacaleta.iniciorealestate.com\\\/contacto\\\/\",\"url\":\"https:\\\/\\\/casalacaleta.iniciorealestate.com\\\/contacto\\\/\",\"name\":\"CONTACTO - Casa la Caleta: Tu Refugio Exclusivo frente al Mar en Pontoquito, Punta de Mita\",\"isPartOf\":{\"@id\":\"https:\\\/\\\/casalacaleta.iniciorealestate.com\\\/#website\"},\"primaryImageOfPage\":{\"@id\":\"https:\\\/\\\/casalacaleta.iniciorealestate.com\\\/contacto\\\/#primaryimage\"},\"image\":{\"@id\":\"https:\\\/\\\/casalacaleta.iniciorealestate.com\\\/contacto\\\/#primaryimage\"},\"thumbnailUrl\":\"https:\\\/\\\/casalacaleta.iniciorealestate.com\\\/wp-content\\\/uploads\\\/2026\\\/07\\\/PONTOQUITO-CASA-CALETA-63-1.webp\",\"datePublished\":\"2026-02-02T23:35:00+00:00\",\"dateModified\":\"2026-07-20T16:39:28+00:00\",\"breadcrumb\":{\"@id\":\"https:\\\/\\\/casalacaleta.iniciorealestate.com\\\/contacto\\\/#breadcrumb\"},\"inLanguage\":\"fr-CA\",\"potentialAction\":[{\"@type\":\"ReadAction\",\"target\":[\"https:\\\/\\\/casalacaleta.iniciorealestate.com\\\/contacto\\\/\"]}]},{\"@type\":\"ImageObject\",\"inLanguage\":\"fr-CA\",\"@id\":\"https:\\\/\\\/casalacaleta.iniciorealestate.com\\\/contacto\\\/#primaryimage\",\"url\":\"https:\\\/\\\/casalacaleta.iniciorealestate.com\\\/wp-content\\\/uploads\\\/2026\\\/07\\\/PONTOQUITO-CASA-CALETA-63-1.webp\",\"contentUrl\":\"https:\\\/\\\/casalacaleta.iniciorealestate.com\\\/wp-content\\\/uploads\\\/2026\\\/07\\\/PONTOQUITO-CASA-CALETA-63-1.webp\"},{\"@type\":\"BreadcrumbList\",\"@id\":\"https:\\\/\\\/casalacaleta.iniciorealestate.com\\\/contacto\\\/#breadcrumb\",\"itemListElement\":[{\"@type\":\"ListItem\",\"position\":1,\"name\":\"Inicio\",\"item\":\"https:\\\/\\\/casalacaleta.iniciorealestate.com\\\/\"},{\"@type\":\"ListItem\",\"position\":2,\"name\":\"CONTACTO\"}]},{\"@type\":\"WebSite\",\"@id\":\"https:\\\/\\\/casalacaleta.iniciorealestate.com\\\/#website\",\"url\":\"https:\\\/\\\/casalacaleta.iniciorealestate.com\\\/\",\"name\":\"Casa la Caleta: Tu Refugio Exclusivo frente al Mar en Pontoquito, Punta de Mita\",\"description\":\"Descubre el verdadero significado del lujo costero en Casa la Caleta, un santuario residencial de alta plusval\u00eda ubicado en el exclusivo para\u00edso de Pontoquito, Punta de Mita, Nayarit. El escenario perfecto para asegurar tu patrimonio y disfrutar de la m\u00e1xima privacidad frente al mar.\",\"publisher\":{\"@id\":\"https:\\\/\\\/casalacaleta.iniciorealestate.com\\\/#organization\"},\"alternateName\":\"Casa la Caleta\",\"potentialAction\":[{\"@type\":\"SearchAction\",\"target\":{\"@type\":\"EntryPoint\",\"urlTemplate\":\"https:\\\/\\\/casalacaleta.iniciorealestate.com\\\/?s={search_term_string}\"},\"query-input\":{\"@type\":\"PropertyValueSpecification\",\"valueRequired\":true,\"valueName\":\"search_term_string\"}}],\"inLanguage\":\"fr-CA\"},{\"@type\":\"Organization\",\"@id\":\"https:\\\/\\\/casalacaleta.iniciorealestate.com\\\/#organization\",\"name\":\"Casa la Caleta: Tu Refugio Exclusivo frente al Mar en Pontoquito, Punta de Mita\",\"alternateName\":\"Casa la Caleta\",\"url\":\"https:\\\/\\\/casalacaleta.iniciorealestate.com\\\/\",\"logo\":{\"@type\":\"ImageObject\",\"inLanguage\":\"fr-CA\",\"@id\":\"https:\\\/\\\/casalacaleta.iniciorealestate.com\\\/#\\\/schema\\\/logo\\\/image\\\/\",\"url\":\"https:\\\/\\\/casalacaleta.iniciorealestate.com\\\/wp-content\\\/uploads\\\/2026\\\/07\\\/Casa-caleta_LOGO.webp\",\"contentUrl\":\"https:\\\/\\\/casalacaleta.iniciorealestate.com\\\/wp-content\\\/uploads\\\/2026\\\/07\\\/Casa-caleta_LOGO.webp\",\"width\":1122,\"height\":768,\"caption\":\"Casa la Caleta: Tu Refugio Exclusivo frente al Mar en Pontoquito, Punta de Mita\"},\"image\":{\"@id\":\"https:\\\/\\\/casalacaleta.iniciorealestate.com\\\/#\\\/schema\\\/logo\\\/image\\\/\"}}]}<\/script>\n<!-- \/ Yoast SEO plugin. -->","yoast_head_json":{"title":"CONTACT - Casa la Caleta: Votre retraite exclusive en bord de mer \u00e0 Pontoquito, Punta de Mita","robots":{"index":"index","follow":"follow","max-snippet":"max-snippet:-1","max-image-preview":"max-image-preview:large","max-video-preview":"max-video-preview:-1"},"canonical":"https:\/\/casalacaleta.iniciorealestate.com\/fr\/contact\/","og_locale":"fr_CA","og_type":"article","og_title":"CONTACTO - Casa la Caleta: Tu Refugio Exclusivo frente al Mar en Pontoquito, Punta de Mita","og_description":"Comienza la Experiencia Conecta con Casa La Caleta Solicitud de Informaci\u00f3n Nombre Completo * Correo Electr\u00f3nico * Tel\u00e9fono de Contacto Mensaje o Requerimientos Especiales Enviar Solicitud Materiales nobles y luz natural dominan los accesos principales de la residencia. Canales Directos L\u00ednea Residencial (329) 122 1375 Consultas Escritas gerencia@iniciorealestate.com Direcci\u00f3n Corporativa Priv. Tepic Sur 309-A, Industrial, [&hellip;]","og_url":"https:\/\/casalacaleta.iniciorealestate.com\/fr\/contact\/","og_site_name":"Casa la Caleta: Tu Refugio Exclusivo frente al Mar en Pontoquito, Punta de Mita","article_modified_time":"2026-07-20T16:39:28+00:00","og_image":[{"url":"https:\/\/casalacaleta.iniciorealestate.com\/wp-content\/uploads\/2026\/07\/PONTOQUITO-CASA-CALETA-63-1.webp","type":"","width":"","height":""}],"twitter_card":"summary_large_image","twitter_misc":{"Estimation du temps de lecture":"1 minute"},"schema":{"@context":"https:\/\/schema.org","@graph":[{"@type":"WebPage","@id":"https:\/\/casalacaleta.iniciorealestate.com\/contacto\/","url":"https:\/\/casalacaleta.iniciorealestate.com\/contacto\/","name":"CONTACT - Casa la Caleta: Votre retraite exclusive en bord de mer \u00e0 Pontoquito, Punta de Mita","isPartOf":{"@id":"https:\/\/casalacaleta.iniciorealestate.com\/#website"},"primaryImageOfPage":{"@id":"https:\/\/casalacaleta.iniciorealestate.com\/contacto\/#primaryimage"},"image":{"@id":"https:\/\/casalacaleta.iniciorealestate.com\/contacto\/#primaryimage"},"thumbnailUrl":"https:\/\/casalacaleta.iniciorealestate.com\/wp-content\/uploads\/2026\/07\/PONTOQUITO-CASA-CALETA-63-1.webp","datePublished":"2026-02-02T23:35:00+00:00","dateModified":"2026-07-20T16:39:28+00:00","breadcrumb":{"@id":"https:\/\/casalacaleta.iniciorealestate.com\/contacto\/#breadcrumb"},"inLanguage":"fr-CA","potentialAction":[{"@type":"ReadAction","target":["https:\/\/casalacaleta.iniciorealestate.com\/contacto\/"]}]},{"@type":"ImageObject","inLanguage":"fr-CA","@id":"https:\/\/casalacaleta.iniciorealestate.com\/contacto\/#primaryimage","url":"https:\/\/casalacaleta.iniciorealestate.com\/wp-content\/uploads\/2026\/07\/PONTOQUITO-CASA-CALETA-63-1.webp","contentUrl":"https:\/\/casalacaleta.iniciorealestate.com\/wp-content\/uploads\/2026\/07\/PONTOQUITO-CASA-CALETA-63-1.webp"},{"@type":"BreadcrumbList","@id":"https:\/\/casalacaleta.iniciorealestate.com\/contacto\/#breadcrumb","itemListElement":[{"@type":"ListItem","position":1,"name":"Inicio","item":"https:\/\/casalacaleta.iniciorealestate.com\/"},{"@type":"ListItem","position":2,"name":"CONTACTO"}]},{"@type":"WebSite","@id":"https:\/\/casalacaleta.iniciorealestate.com\/#website","url":"https:\/\/casalacaleta.iniciorealestate.com\/","name":"Casa la Caleta: votre retraite exclusive en bord de mer \u00e0 Pontoquito, Punta de Mita","description":"D\u00e9couvrez le v\u00e9ritable sens du luxe c\u00f4tier \u00e0 Casa la Caleta, un havre de paix r\u00e9sidentiel haut de gamme nich\u00e9 dans le paradis exclusif de Pontoquito, \u00e0 Punta de Mita, dans l&#039;\u00c9tat de Nayarit. Un cadre id\u00e9al pour assurer votre avenir et profiter d&#039;une intimit\u00e9 absolue en bord de mer.","publisher":{"@id":"https:\/\/casalacaleta.iniciorealestate.com\/#organization"},"alternateName":"Casa la Caleta","potentialAction":[{"@type":"SearchAction","target":{"@type":"EntryPoint","urlTemplate":"https:\/\/casalacaleta.iniciorealestate.com\/?s={search_term_string}"},"query-input":{"@type":"PropertyValueSpecification","valueRequired":true,"valueName":"search_term_string"}}],"inLanguage":"fr-CA"},{"@type":"Organization","@id":"https:\/\/casalacaleta.iniciorealestate.com\/#organization","name":"Casa la Caleta: votre retraite exclusive en bord de mer \u00e0 Pontoquito, Punta de Mita","alternateName":"Casa la Caleta","url":"https:\/\/casalacaleta.iniciorealestate.com\/","logo":{"@type":"ImageObject","inLanguage":"fr-CA","@id":"https:\/\/casalacaleta.iniciorealestate.com\/#\/schema\/logo\/image\/","url":"https:\/\/casalacaleta.iniciorealestate.com\/wp-content\/uploads\/2026\/07\/Casa-caleta_LOGO.webp","contentUrl":"https:\/\/casalacaleta.iniciorealestate.com\/wp-content\/uploads\/2026\/07\/Casa-caleta_LOGO.webp","width":1122,"height":768,"caption":"Casa la Caleta: Tu Refugio Exclusivo frente al Mar en Pontoquito, Punta de Mita"},"image":{"@id":"https:\/\/casalacaleta.iniciorealestate.com\/#\/schema\/logo\/image\/"}}]}},"_links":{"self":[{"href":"https:\/\/casalacaleta.iniciorealestate.com\/fr\/wp-json\/wp\/v2\/pages\/873","targetHints":{"allow":["GET"]}}],"collection":[{"href":"https:\/\/casalacaleta.iniciorealestate.com\/fr\/wp-json\/wp\/v2\/pages"}],"about":[{"href":"https:\/\/casalacaleta.iniciorealestate.com\/fr\/wp-json\/wp\/v2\/types\/page"}],"author":[{"embeddable":true,"href":"https:\/\/casalacaleta.iniciorealestate.com\/fr\/wp-json\/wp\/v2\/users\/1"}],"replies":[{"embeddable":true,"href":"https:\/\/casalacaleta.iniciorealestate.com\/fr\/wp-json\/wp\/v2\/comments?post=873"}],"version-history":[{"count":52,"href":"https:\/\/casalacaleta.iniciorealestate.com\/fr\/wp-json\/wp\/v2\/pages\/873\/revisions"}],"predecessor-version":[{"id":23842,"href":"https:\/\/casalacaleta.iniciorealestate.com\/fr\/wp-json\/wp\/v2\/pages\/873\/revisions\/23842"}],"wp:attachment":[{"href":"https:\/\/casalacaleta.iniciorealestate.com\/fr\/wp-json\/wp\/v2\/media?parent=873"}],"curies":[{"name":"wp","href":"https:\/\/api.w.org\/{rel}","templated":true}]}}