{"id":879,"date":"2026-02-02T23:39:17","date_gmt":"2026-02-02T23:39:17","guid":{"rendered":"https:\/\/aldeahortusresidencial.com\/?page_id=879"},"modified":"2026-07-28T22:31:35","modified_gmt":"2026-07-28T22:31:35","slug":"inicio","status":"publish","type":"page","link":"https:\/\/casalacaleta.iniciorealestate.com\/fr\/","title":{"rendered":"ACCUEIL"},"content":{"rendered":"<div data-elementor-type=\"wp-page\" data-elementor-id=\"879\" class=\"elementor elementor-879\" data-elementor-post-type=\"page\">\n\t\t\t\t<div class=\"elementor-element elementor-element-485aa49 e-flex e-con-boxed e-con e-parent\" data-id=\"485aa49\" data-element_type=\"container\" data-e-type=\"container\" data-settings=\"{&quot;background_background&quot;:&quot;classic&quot;}\">\n\t\t\t\t\t<div class=\"e-con-inner\">\n\t\t\t\t<div class=\"elementor-element elementor-element-895edbf elementor-widget elementor-widget-html\" data-id=\"895edbf\" data-element_type=\"widget\" data-e-type=\"widget\" data-widget_type=\"html.default\">\n\t\t\t\t<div class=\"elementor-widget-container\">\n\t\t\t\t\t<!-- CONTENT COMPONENT: P\u00c1GINA DE INICIO DE ULTRA LUJO - CASA LA CALETA -->\r\n<div style=\"background-color: #FBF9F6; width: 100%; font-family: 'Inter', sans-serif; box-sizing: border-box; overflow-x: hidden;\">\r\n\r\n    <!-- SECCI\u00d3N 1: HERO \/ BIENVENIDA EDITORIAL -->\r\n    <section style=\"background-color: #FBF9F6; padding: 120px 40px; text-align: center; border-bottom: 1px solid rgba(166, 145, 123, 0.3); font-family: 'Inter', sans-serif;\">\r\n        <h1 style=\"color: #2B2017; font-family: 'Cormorant Garamond', 'Playfair Display', serif; font-size: 42px; font-weight: 300; letter-spacing: 4px; line-height: 1.2; margin: 0 0 25px 0; text-transform: uppercase;\">\r\n            Casa La Caleta\r\n        <\/h1>\r\n        <p style=\"color: #A6917B; font-size: 13px; text-transform: uppercase; letter-spacing: 4px; font-weight: 600; margin: 0 0 35px 0;\">\r\n            Architecture mexicaine moderne face \u00e0 l&#039;oc\u00e9an\r\n        <\/p>\r\n        <div style=\"max-width: 800px; margin: 0 auto;\">\r\n            <p style=\"color: #2B2017; font-size: 15px; line-height: 2; text-align: justify; text-justify: inter-word; margin: 0; opacity: 0.9;\">\r\n                Nich\u00e9e dans le quartier le plus exclusif de la C\u00f4te Nord, au sein du prestigieux domaine priv\u00e9 de Pontoquito, se dresse la Casa La Caleta. Ce havre de paix red\u00e9finit le luxe c\u00f4tier par excellence, fusionnant avec brio 1\u00a0152 m\u00e8tres carr\u00e9s d&#039;espaces int\u00e9rieurs et ext\u00e9rieurs raffin\u00e9s sous une imposante structure de palapa moderne. Un refuge idyllique, encadr\u00e9 par une jungle luxuriante et l&#039;immensit\u00e9 bleue de l&#039;oc\u00e9an, con\u00e7u avec minutie pour ceux qui recherchent une intimit\u00e9 absolue et une tranquillit\u00e9 sublime.\r\n            <\/p>\r\n        <\/div>\r\n    <\/section>\r\n\r\n    <!-- SECCI\u00d3N 2: ARQUITECTURA MONUMENTAL (BLOQUE ASIM\u00c9TRICO 1) -->\r\n    <div style=\"background-color: #FBF9F6; padding: 60px 0;\">\r\n        <div style=\"display: flex; flex-wrap: wrap; align-items: center; justify-content: space-between; max-width: 1200px; margin: 0 auto; padding: 0 20px; box-sizing: border-box;\">\r\n            <!-- Narrativa -->\r\n            <div style=\"flex: 1; min-width: 320px; max-width: 420px; padding: 20px 10px; box-sizing: border-box;\">\r\n                <span style=\"color: #A6917B; font-size: 11px; text-transform: uppercase; letter-spacing: 4px; display: block; margin-bottom: 20px; font-weight: 600;\">\r\n                    Le concept\r\n                <\/span>\r\n                <h2 style=\"color: #2B2017; font-family: 'Cormorant Garamond', 'Playfair Display', serif; font-size: 36px; font-weight: 300; line-height: 1.3; margin: 0 0 25px 0;\">\r\n                    L\u00e0 o\u00f9 la monumentalit\u00e9 trouve son refuge intime.\r\n                <\/h2>\r\n                <p style=\"color: #2B2017; font-size: 14px; line-height: 1.9; text-align: justify; margin: 0; opacity: 0.85;\">\r\n                    Sous une imposante palapa moderne aux proportions atypiques, la Casa La Caleta organise ses espaces pour capter la brise de la c\u00f4te nord. Une conception aux transitions d&#039;une fluidit\u00e9 parfaite o\u00f9 les limites s&#039;estompent pour laisser place \u00e0 l&#039;horizon de Pontoquito.\r\n                <\/p>\r\n            <\/div>\r\n            <!-- Imagen Real -->\r\n            <div style=\"flex: 1.5; min-width: 320px; padding: 20px 10px; box-sizing: border-box;\">\r\n                <img decoding=\"async\" src=\"https:\/\/casalacaleta.iniciorealestate.com\/wp-content\/uploads\/2026\/07\/PONTOQUITO-CASA-CALETA-69-6.webp\" \r\n                     alt=\"Architecture monumentale - La maison La Caleta\" \r\n                     style=\"width: 100%; height: auto; display: block; box-shadow: 0 20px 40px rgba(43,32,23,0.04); border-radius: 2px;\" \/>\r\n            <\/div>\r\n        <\/div>\r\n    <\/div>\r\n\r\n    <!-- SECCI\u00d3N 3: CARACTER\u00cdSTICAS DESTACADAS (GRID DE TRES COLUMNAS) -->\r\n    <section style=\"background-color: #FBF9F6; max-width: 1200px; margin: 40px auto; padding: 0 20px; box-sizing: border-box;\">\r\n        <div style=\"display: flex; flex-wrap: wrap; gap: 30px; justify-content: space-between;\">\r\n            <!-- Columna 1 -->\r\n            <div style=\"flex: 1; min-width: 280px; background-color: #FBF9F6; padding: 40px 30px; border: 1px solid rgba(166, 145, 123, 0.4); border-top: 3px solid #2B2017; box-sizing: border-box; border-radius: 2px;\">\r\n                <h3 style=\"color: #2B2017; font-family: 'Cormorant Garamond', serif; font-size: 22px; font-weight: 400; margin: 0 0 15px 0; font-style: italic;\">\r\n                    L&#039;art de vivre au grand air\r\n                <\/h3>\r\n                <p style=\"color: #2B2017; font-size: 14px; line-height: 1.8; text-align: left; margin: 0; opacity: 0.85;\">\r\n                    Un majestueux salon couvert s&#039;ouvre harmonieusement sur une spectaculaire piscine \u00e0 d\u00e9bordement d&#039;eau sal\u00e9e et un jacuzzi chauff\u00e9 qui se fondent dans l&#039;horizon marin.\r\n                <\/p>\r\n            <\/div>\r\n            <!-- Columna 2 -->\r\n            <div style=\"flex: 1; min-width: 280px; background-color: #FBF9F6; padding: 40px 30px; border: 1px solid rgba(166, 145, 123, 0.4); border-top: 3px solid #2B2017; box-sizing: border-box; border-radius: 2px;\">\r\n                <h3 style=\"color: #2B2017; font-family: 'Cormorant Garamond', serif; font-size: 22px; font-weight: 400; margin: 0 0 15px 0; font-style: italic;\">\r\n                    Sanctuaires de repos\r\n                <\/h3>\r\n                <p style=\"color: #2B2017; font-size: 14px; line-height: 1.8; text-align: left; margin: 0; opacity: 0.85;\">\r\n                    Con\u00e7ues comme de v\u00e9ritables havres de confort absolu, ces suites sont dot\u00e9es d&#039;une climatisation intelligente, d&#039;un mobilier design exclusif et d&#039;un balcon priv\u00e9 avec vue sur l&#039;oc\u00e9an.\r\n                <\/p>\r\n            <\/div>\r\n            <!-- Columna 3 -->\r\n            <div style=\"flex: 1; min-width: 280px; background-color: #FBF9F6; padding: 40px 30px; border: 1px solid rgba(166, 145, 123, 0.4); border-top: 3px solid #2B2017; box-sizing: border-box; border-radius: 2px;\">\r\n                <h3 style=\"color: #2B2017; font-family: 'Cormorant Garamond', serif; font-size: 22px; font-weight: 400; margin: 0 0 15px 0; font-style: italic;\">\r\n                    Restaurant gastronomique\r\n                <\/h3>\r\n                <p style=\"color: #2B2017; font-size: 14px; line-height: 1.8; text-align: left; margin: 0; opacity: 0.85;\">\r\n                    Cuisine professionnelle \u00e9quip\u00e9e d&#039;une technologie de pointe, four \u00e0 pizza artisanal et service impeccable assur\u00e9 par un chef et un majordome priv\u00e9s inclus.\r\n                <\/p>\r\n            <\/div>\r\n        <\/div>\r\n    <\/section>\r\n\r\n    <!-- SECCI\u00d3N 4: PERSPECTIVAS FLUIDAS (BLOQUE ASIM\u00c9TRICO 2) -->\r\n    <div style=\"background-color: #FBF9F6; padding: 60px 0;\">\r\n        <div style=\"display: flex; flex-wrap: wrap-reverse; align-items: center; justify-content: space-between; max-width: 1200px; margin: 0 auto; padding: 0 20px; box-sizing: border-box;\">\r\n            <!-- Imagen Real -->\r\n            <div style=\"flex: 1.5; min-width: 320px; padding: 20px 10px; box-sizing: border-box;\">\r\n                <img decoding=\"async\" src=\"https:\/\/casalacaleta.iniciorealestate.com\/wp-content\/uploads\/2026\/07\/PONTOQUITO-15-4.webp\" \r\n                     alt=\"Vue Horizon - Maison La Caleta\" \r\n                     style=\"width: 100%; height: auto; display: block; box-shadow: 0 20px 40px rgba(43,32,23,0.04); border-radius: 2px;\" \/>\r\n            <\/div>\r\n            <!-- Narrativa -->\r\n            <div style=\"flex: 1; min-width: 320px; max-width: 420px; padding: 20px 10px; box-sizing: border-box;\">\r\n                <span style=\"color: #A6917B; font-size: 11px; text-transform: uppercase; letter-spacing: 4px; display: block; margin-bottom: 20px; font-weight: 600;\">\r\n                    L&#039;Horizon\r\n                <\/span>\r\n                <h2 style=\"color: #2B2017; font-family: 'Cormorant Garamond', 'Playfair Display', serif; font-size: 34px; font-weight: 300; line-height: 1.3; margin: 0 0 25px 0;\">\r\n                    Des perspectives fluides vers la s\u00e9r\u00e9nit\u00e9.\r\n                <\/h2>\r\n                <p style=\"color: #2B2017; font-size: 14px; line-height: 1.9; text-align: justify; margin: 0; opacity: 0.85;\">\r\n                    Chaque recoin, int\u00e9rieur comme ext\u00e9rieur, a \u00e9t\u00e9 m\u00e9ticuleusement con\u00e7u par des artisans et des architectes pour mettre en valeur le paysage naturel exceptionnel. Les espaces de d\u00e9tente se fondent harmonieusement dans l&#039;atmosph\u00e8re c\u00f4ti\u00e8re, cr\u00e9ant un \u00e9quilibre sublime entre raffinement et nature sauvage.\r\n                <\/p>\r\n            <\/div>\r\n        <\/div>\r\n    <\/div>\r\n\r\n    <!-- SECCI\u00d3N 5: AMENIDADES PREMIUM (TABLA T\u00c9CNICA) -->\r\n    <div style=\"background-color: #FBF9F6; padding: 80px 40px; text-align: center; border-top: 1px solid rgba(166, 145, 123, 0.3); border-bottom: 1px solid rgba(166, 145, 123, 0.3); box-sizing: border-box;\">\r\n        <h2 style=\"color: #2B2017; font-family: 'Cormorant Garamond', serif; font-size: 32px; font-weight: 300; letter-spacing: 2px; line-height: 1.3; margin: 0 0 50px 0; text-transform: uppercase;\">\r\n            Ce que ce paradis priv\u00e9 offre\r\n        <\/h2>\r\n        \r\n        <div style=\"display: flex; flex-wrap: wrap; justify-content: space-between; max-width: 1200px; margin: 0 auto; text-align: left; gap: 30px;\">\r\n            <!-- COLUMNA 1 -->\r\n            <div style=\"flex: 1; min-width: 280px; box-sizing: border-box;\">\r\n                <div style=\"margin-bottom: 15px; display: flex; align-items: flex-start; gap: 10px; line-height: 1.6; font-size: 14px; color: #2B2017;\"><span style=\"color: #A6917B; font-weight: bold;\">\u2713<\/span><span>Service de chef priv\u00e9 inclus dans le s\u00e9jour.<\/span><\/div>\r\n                <div style=\"margin-bottom: 15px; display: flex; align-items: flex-start; gap: 10px; line-height: 1.6; font-size: 14px; color: #2B2017;\"><span style=\"color: #A6917B; font-weight: bold;\">\u2713<\/span><span>Majordome \u00e0 votre service.<\/span><\/div>\r\n                <div style=\"margin-bottom: 15px; display: flex; align-items: flex-start; gap: 10px; line-height: 1.6; font-size: 14px; color: #2B2017;\"><span style=\"color: #A6917B; font-weight: bold;\">\u2713<\/span><span>Service de m\u00e9nage disponible pendant toute la dur\u00e9e de votre s\u00e9jour.<\/span><\/div>\r\n                <div style=\"margin-bottom: 15px; display: flex; align-items: flex-start; gap: 10px; line-height: 1.6; font-size: 14px; color: #2B2017;\"><span style=\"color: #A6917B; font-weight: bold;\">\u2713<\/span><span>Piscine \u00e0 d\u00e9bordement d&#039;eau sal\u00e9e.<\/span><\/div>\r\n                <div style=\"margin-bottom: 15px; display: flex; align-items: flex-start; gap: 10px; line-height: 1.6; font-size: 14px; color: #2B2017;\"><span style=\"color: #A6917B; font-weight: bold;\">\u2713<\/span><span>Jacuzzi priv\u00e9.<\/span><\/div>\r\n                <div style=\"margin-bottom: 15px; display: flex; align-items: flex-start; gap: 10px; line-height: 1.6; font-size: 14px; color: #2B2017;\"><span style=\"color: #A6917B; font-weight: bold;\">\u2713<\/span><span>Salle de cin\u00e9ma \u00e9quip\u00e9e.<\/span><\/div>\r\n                <div style=\"margin-bottom: 15px; display: flex; align-items: flex-start; gap: 10px; line-height: 1.6; font-size: 14px; color: #2B2017;\"><span style=\"color: #A6917B; font-weight: bold;\">\u2713<\/span><span>Salle de sport priv\u00e9e et \u00e9quipements de fitness.<\/span><\/div>\r\n                <div style=\"margin-bottom: 15px; display: flex; align-items: flex-start; gap: 10px; line-height: 1.6; font-size: 14px; color: #2B2017;\"><span style=\"color: #A6917B; font-weight: bold;\">\u2713<\/span><span>Acc\u00e8s direct \u00e0 la plage (bord de mer).<\/span><\/div>\r\n                <div style=\"margin-bottom: 15px; display: flex; align-items: flex-start; gap: 10px; line-height: 1.6; font-size: 14px; color: #2B2017;\"><span style=\"color: #A6917B; font-weight: bold;\">\u2713<\/span><span>Serviettes de plage, parasols, tapis de plage et \u00e9quipement de plong\u00e9e en apn\u00e9e.<\/span><\/div>\r\n            <\/div>\r\n\r\n            <!-- COLUMNA 2 -->\r\n            <div style=\"flex: 1; min-width: 280px; box-sizing: border-box;\">\r\n                <div style=\"margin-bottom: 15px; display: flex; align-items: flex-start; gap: 10px; line-height: 1.6; font-size: 14px; color: #2B2017;\"><span style=\"color: #A6917B; font-weight: bold;\">\u2713<\/span><span>Situ\u00e9e dans une r\u00e9sidence s\u00e9curis\u00e9e (s\u00e9curit\u00e9 et confidentialit\u00e9 maximales).<\/span><\/div>\r\n                <div style=\"margin-bottom: 15px; display: flex; align-items: flex-start; gap: 10px; line-height: 1.6; font-size: 14px; color: #2B2017;\"><span style=\"color: #A6917B; font-weight: bold;\">\u2713<\/span><span>Douche ext\u00e9rieure (id\u00e9ale apr\u00e8s la mer ou la piscine).<\/span><\/div>\r\n                <div style=\"margin-bottom: 15px; display: flex; align-items: flex-start; gap: 10px; line-height: 1.6; font-size: 14px; color: #2B2017;\"><span style=\"color: #A6917B; font-weight: bold;\">\u2713<\/span><span>Des kayaks sont disponibles pour explorer la c\u00f4te.<\/span><\/div>\r\n                <div style=\"margin-bottom: 15px; display: flex; align-items: flex-start; gap: 10px; line-height: 1.6; font-size: 14px; color: #2B2017;\"><span style=\"color: #A6917B; font-weight: bold;\">\u2713<\/span><span>Ustensiles de base inclus\u00a0: casseroles, po\u00eales, huile, sel et poivre.<\/span><\/div>\r\n                <div style=\"margin-bottom: 15px; display: flex; align-items: flex-start; gap: 10px; line-height: 1.6; font-size: 14px; color: #2B2017;\"><span style=\"color: #A6917B; font-weight: bold;\">\u2713<\/span><span>Cuisine enti\u00e8rement \u00e9quip\u00e9e \u00e0 la disposition des invit\u00e9s ou du chef.<\/span><\/div>\r\n                <div style=\"margin-bottom: 15px; display: flex; align-items: flex-start; gap: 10px; line-height: 1.6; font-size: 14px; color: #2B2017;\"><span style=\"color: #A6917B; font-weight: bold;\">\u2713<\/span><span>Machine \u00e0 expresso professionnelle.<\/span><\/div>\r\n                <div style=\"margin-bottom: 15px; display: flex; align-items: flex-start; gap: 10px; line-height: 1.6; font-size: 14px; color: #2B2017;\"><span style=\"color: #A6917B; font-weight: bold;\">\u2713<\/span><span>Four \u00e0 pizza artisanal sur la terrasse.<\/span><\/div>\r\n                <div style=\"margin-bottom: 15px; display: flex; align-items: flex-start; gap: 10px; line-height: 1.6; font-size: 14px; color: #2B2017;\"><span style=\"color: #A6917B; font-weight: bold;\">\u2713<\/span><span>Barbecue au charbon de bois.<\/span><\/div>\r\n                <div style=\"margin-bottom: 15px; display: flex; align-items: flex-start; gap: 10px; line-height: 1.6; font-size: 14px; color: #2B2017;\"><span style=\"color: #A6917B; font-weight: bold;\">\u2713<\/span><span>Table \u00e0 manger formelle.<\/span><\/div>\r\n            <\/div>\r\n\r\n            <!-- COLUMNA 3 -->\r\n            <div style=\"flex: 1; min-width: 280px; box-sizing: border-box;\">\r\n                <div style=\"margin-bottom: 15px; display: flex; align-items: flex-start; gap: 10px; line-height: 1.6; font-size: 14px; color: #2B2017;\"><span style=\"color: #A6917B; font-weight: bold;\">\u2713<\/span><span>Hamac dans l&#039;aire de repos.<\/span><\/div>\r\n                <div style=\"margin-bottom: 15px; display: flex; align-items: flex-start; gap: 10px; line-height: 1.6; font-size: 14px; color: #2B2017;\"><span style=\"color: #A6917B; font-weight: bold;\">\u2713<\/span><span>Climatisation centrale dans toute la villa.<\/span><\/div>\r\n                <div style=\"margin-bottom: 15px; display: flex; align-items: flex-start; gap: 10px; line-height: 1.6; font-size: 14px; color: #2B2017;\"><span style=\"color: #A6917B; font-weight: bold;\">\u2713<\/span><span>Connexion Wi-Fi haut d\u00e9bit.<\/span><\/div>\r\n                <div style=\"margin-bottom: 15px; display: flex; align-items: flex-start; gap: 10px; line-height: 1.6; font-size: 14px; color: #2B2017;\"><span style=\"color: #A6917B; font-weight: bold;\">\u2713<\/span><span>T\u00e9l\u00e9vision avec lecteur DVD et service de c\u00e2ble premium.<\/span><\/div>\r\n                <div style=\"margin-bottom: 15px; display: flex; align-items: flex-start; gap: 10px; line-height: 1.6; font-size: 14px; color: #2B2017;\"><span style=\"color: #A6917B; font-weight: bold;\">\u2713<\/span><span>Centre de blanchisserie complet : laveuse et s\u00e9cheuse sur place.<\/span><\/div>\r\n                <div style=\"margin-bottom: 15px; display: flex; align-items: flex-start; gap: 10px; line-height: 1.6; font-size: 14px; color: #2B2017;\"><span style=\"color: #A6917B; font-weight: bold;\">\u2713<\/span><span>Parking gratuit sur place.<\/span><\/div>\r\n                <div style=\"margin-bottom: 15px; display: flex; align-items: flex-start; gap: 10px; line-height: 1.6; font-size: 14px; color: #2B2017;\"><span style=\"color: #A6917B; font-weight: bold;\">\u2713<\/span><span>Syst\u00e8me de s\u00e9curit\u00e9 int\u00e9gr\u00e9 et d\u00e9tecteur de monoxyde de carbone.<\/span><\/div>\r\n            <\/div>\r\n        <\/div>\r\n    <\/div>\r\n\r\n    <!-- M\u00d3DULO CRUZADO DE RECORRIDOS INTERNOS (RESIDENCIAS, LA VILLA Y UBICACI\u00d3N) -->\r\n    <div style=\"background-color: #FBF9F6; padding: 80px 20px; box-sizing: border-box;\">\r\n        <div style=\"max-width: 1100px; margin: 0 auto; display: flex; flex-direction: column; gap: 90px;\">\r\n            \r\n            <!-- ELEMENTO A: RESIDENCIAS (Imagen Izquierda, Texto Derecha) -->\r\n            <div class=\"luxury-row\" style=\"display: flex; flex-wrap: wrap; align-items: center; justify-content: space-between; gap: 30px;\">\r\n                <div style=\"flex: 1; min-width: 300px; box-sizing: border-box;\">\r\n                    <img decoding=\"async\" src=\"https:\/\/casalacaleta.iniciorealestate.com\/wp-content\/uploads\/2026\/07\/PONTOQUITO_CASA_CALETA-87.webp\" \r\n                         alt=\"Salles de fa\u00e7ade\" \r\n                         style=\"width: 100%; height: 340px; display: block; border-radius: 2px; object-fit: cover; box-shadow: 0px 10px 25px rgba(43,32,23,0.04);\" \/>\r\n                <\/div>\r\n                <div style=\"flex: 1; min-width: 300px; box-sizing: border-box; text-align: left;\">\r\n                    <span style=\"color: #A6917B; font-size: 11px; text-transform: uppercase; letter-spacing: 4px; display: block; margin-bottom: 15px; font-weight: 600;\">sanctuaires<\/span>\r\n                    <h2 style=\"color: #2B2017; font-family: 'Cormorant Garamond', serif; font-size: 28px; font-weight: 300; letter-spacing: 2px; line-height: 1.3; margin: 0 0 20px 0; font-style: italic;\">\r\n                        Sanctuaires priv\u00e9s de repos\r\n                    <\/h2>\r\n                    <p style=\"color: #2B2017; font-size: 14px; line-height: 1.8; margin: 0 0 30px 0; text-align: justify; opacity: 0.9;\">\r\n                        Cette villa moderne arbore un design avant-gardiste et abrite six chambres majestueuses ainsi qu&#039;un espace modulable exclusif, id\u00e9al pour la contemplation. Offrant des options raffin\u00e9es, comme un balcon priv\u00e9 ou une intimit\u00e9 maximale \u00e0 l&#039;\u00e9tage, chaque ambiance a \u00e9t\u00e9 m\u00e9ticuleusement pens\u00e9e pour ceux qui recherchent l&#039;harmonie parfaite entre confort absolu, fonctionnalit\u00e9 et un style de vie incomparable \u00e0 Punta de Mita.\r\n                    <\/p>\r\n                    <a href=\"https:\/\/casalacaleta.iniciorealestate.com\/fr\/residences\/\" style=\"background-color: #A6917B; color: #FBF9F6; font-size: 12px; font-weight: 500; letter-spacing: 2px; text-transform: uppercase; text-decoration: none; padding: 14px 30px; display: inline-block; border-radius: 2px; transition: background 0.3s ease;\">\r\n                        Voir les r\u00e9sidences \u2192\r\n                    <\/a>\r\n                <\/div>\r\n            <\/div>\r\n\r\n            <!-- ELEMENTO B: LA VILLA (Texto Izquierda, Imagen Derecha) -->\r\n            <div class=\"luxury-row-reverse\" style=\"display: flex; flex-wrap: wrap-reverse; align-items: center; justify-content: space-between; gap: 30px;\">\r\n                <div style=\"flex: 1; min-width: 300px; box-sizing: border-box; text-align: left;\">\r\n                    <span style=\"color: #A6917B; font-size: 11px; text-transform: uppercase; letter-spacing: 4px; display: block; margin-bottom: 15px; font-weight: 600;\">La propri\u00e9t\u00e9<\/span>\r\n                    <h2 style=\"color: #2B2017; font-family: 'Cormorant Garamond', serif; font-size: 28px; font-weight: 300; letter-spacing: 2px; line-height: 1.3; margin: 0 0 20px 0; font-style: italic;\">\r\n                        Ing\u00e9nierie et confort en harmonie c\u00f4ti\u00e8re\r\n                    <\/h2>\r\n                    <p style=\"color: #2B2017; font-size: 14px; line-height: 1.8; margin: 0 0 30px 0; text-align: justify; opacity: 0.9;\">\r\n                        D\u00e9couvrez la majest\u00e9 architecturale de la Casa La Caleta. Con\u00e7ue selon un concept ouvert et avec des mat\u00e9riaux organiques locaux, la villa optimise la ventilation naturelle et sublime le paysage exceptionnel de Punta de Mita. Chaque espace, convivial et technique, est pens\u00e9 pour offrir une exp\u00e9rience d&#039;hospitalit\u00e9 incomparable.\r\n                    <\/p>\r\n                    <a href=\"https:\/\/casalacaleta.iniciorealestate.com\/fr\/le-village\/\" style=\"background-color: transparent; border: 1px solid #A6917B; color: #2B2017; font-size: 12px; font-weight: 500; letter-spacing: 2px; text-transform: uppercase; text-decoration: none; padding: 14px 30px; display: inline-block; border-radius: 2px; transition: all 0.3s ease;\">\r\n                        Explorez le village \u2192\r\n                    <\/a>\r\n                <\/div>\r\n                <div style=\"flex: 1; min-width: 300px; box-sizing: border-box;\">\r\n                    <img decoding=\"async\" src=\"https:\/\/casalacaleta.iniciorealestate.com\/wp-content\/uploads\/2026\/07\/PONTOQUITO-CASA-CALETA-69-6.webp\" \r\n                         alt=\"D\u00e9tails de la villa\" \r\n                         style=\"width: 100%; height: 340px; display: block; border-radius: 2px; object-fit: cover; box-shadow: 0px 15px 35px rgba(43,32,23,0.04);\" \/>\r\n                <\/div>\r\n            <\/div>\r\n\r\n            <!-- ELEMENTO C: LA UBICACI\u00d3N (Imagen Izquierda, Texto Derecha) -->\r\n            <div class=\"luxury-row\" style=\"display: flex; flex-wrap: wrap; align-items: center; justify-content: space-between; gap: 30px;\">\r\n                <div style=\"flex: 1; min-width: 300px; box-sizing: border-box;\">\r\n                    <img decoding=\"async\" src=\"https:\/\/casalacaleta.iniciorealestate.com\/wp-content\/uploads\/2025\/05\/209310-Nayarit.jpg\" \r\n                         alt=\"Enclave de Pontoquito\" \r\n                         style=\"width: 100%; height: 340px; display: block; border-radius: 2px; object-fit: cover; box-shadow: 0px 15px 35px rgba(43,32,23,0.04);\" \/>\r\n                <\/div>\r\n                <div style=\"flex: 1; min-width: 300px; box-sizing: border-box; text-align: left;\">\r\n                    <span style=\"color: #A6917B; font-size: 11px; text-transform: uppercase; letter-spacing: 4px; display: block; margin-bottom: 15px; font-weight: 600;\">L&#039;Enclave<\/span>\r\n                    <h2 style=\"color: #2B2017; font-family: 'Cormorant Garamond', serif; font-size: 28px; font-weight: 300; letter-spacing: 2px; line-height: 1.3; margin: 0 0 20px 0; font-style: italic;\">\r\n                        Le secret r\u00e9sidentiel de Pontoquito\r\n                    <\/h2>\r\n                    <p style=\"color: #2B2017; font-size: 14px; line-height: 1.8; margin: 0 0 30px 0; text-align: justify; opacity: 0.9;\">\r\n                        Id\u00e9alement situ\u00e9e sur la c\u00f4te de Punta de Mita, \u00e0 Nayarit, la Casa La Caleta b\u00e9n\u00e9ficie de l&#039;intimit\u00e9 et de la tranquillit\u00e9 de Pontoquito. Un havre de paix prot\u00e9g\u00e9 par la nature et offrant une s\u00e9curit\u00e9 maximale, o\u00f9 le calme de l&#039;oc\u00e9an Pacifique se m\u00eale \u00e0 un environnement tropical pr\u00e9serv\u00e9, \u00e0 quelques minutes seulement des principales attractions et terrains de golf de la Riviera.\r\n                    <\/p>\r\n                    <a href=\"https:\/\/casalacaleta.iniciorealestate.com\/fr\/emplacement-2\/\" style=\"background-color: transparent; border: 1px solid #A6917B; color: #2B2017; font-size: 12px; font-weight: 500; letter-spacing: 2px; text-transform: uppercase; text-decoration: none; padding: 14px 30px; display: inline-block; border-radius: 2px; transition: all 0.3s ease;\">\r\n                        Afficher la localisation \u2192\r\n                    <\/a>\r\n                <\/div>\r\n            <\/div>\r\n\r\n        <\/div>\r\n    <\/div>\r\n\r\n    <!-- SECCI\u00d3N 6: ENCLAVE & EXPLORACI\u00d3N PREMIUM (BLOQUE EDITORIAL DESTINO) -->\r\n    <section style=\"background-color: #FBF9F6; padding: 100px 20px; border-top: 1px solid rgba(166, 145, 123, 0.3); border-bottom: 1px solid rgba(166, 145, 123, 0.3);\">\r\n        <div style=\"max-width: 1200px; margin: 0 auto; box-sizing: border-box;\">\r\n            \r\n            <!-- Encabezado de la Secci\u00f3n -->\r\n            <div style=\"text-align: center; margin-bottom: 80px;\">\r\n                <span style=\"color: #A6917B; font-size: 11px; text-transform: uppercase; letter-spacing: 4px; display: block; margin-bottom: 20px; font-weight: 600;\">\r\n                    Destin\r\n                <\/span>\r\n                <h2 style=\"color: #2B2017; font-family: 'Cormorant Garamond', serif; font-size: 36px; font-weight: 300; line-height: 1.3; margin: 0 0 25px 0;\">\r\n                    Au-del\u00e0 du village : le secret de Pontoquito\r\n                <\/h2>\r\n                <p style=\"color: #2B2017; font-size: 15px; line-height: 1.8; max-width: 750px; margin: 0 auto; text-align: justify; text-justify: inter-word; opacity: 0.9;\">\r\n                    Casa La Caleta b\u00e9n\u00e9ficie d&#039;une situation privil\u00e9gi\u00e9e \u00e0 Pontoquito, la presqu&#039;\u00eele r\u00e9sidentielle la plus isol\u00e9e et exclusive de Punta de Mita. Un sanctuaire c\u00f4tier pr\u00e9serv\u00e9, o\u00f9 les eaux du Pacifique et les sanctuaires \u00e9cologiques environnants forment un terrain de jeu priv\u00e9 propice \u00e0 une exploration raffin\u00e9e.\r\n                <\/p>\r\n            <\/div>\r\n\r\n            <!-- Fila DESTINO 1: Pontoquito & Las Islas Marietas -->\r\n            <div style=\"display: flex; flex-wrap: wrap; align-items: center; justify-content: space-between; margin-bottom: 100px; gap: 30px;\">\r\n                <div style=\"flex: 1; min-width: 300px; max-width: 450px; padding-right: 20px; box-sizing: border-box;\">\r\n                    <h3 style=\"color: #2B2017; font-family: 'Cormorant Garamond', serif; font-size: 24px; font-weight: 400; font-style: italic; margin: 0 0 20px 0;\">\r\n                        Sanctuaires et exp\u00e9ditions maritimes\r\n                    <\/h3>\r\n                    <p style=\"color: #2B2017; font-size: 14px; line-height: 1.9; text-align: justify; margin: 0 0 30px 0; opacity: 0.85;\">\r\n                        \u00c0 quelques minutes en bateau de la crique priv\u00e9e de la propri\u00e9t\u00e9, se d\u00e9voilent les embl\u00e9matiques \u00eeles Marietas et leur c\u00e9l\u00e8bre plage cach\u00e9e, un \u00e9cosyst\u00e8me prot\u00e9g\u00e9 id\u00e9al pour l&#039;observation des baleines \u00e0 bosse et la plong\u00e9e sur des r\u00e9cifs coralliens pr\u00e9serv\u00e9s. La c\u00f4te nord offre un acc\u00e8s privil\u00e9gi\u00e9 \u00e0 des excursions en yacht et \u00e0 des sorties de p\u00eache sportive de renomm\u00e9e mondiale.\r\n                    <\/p>\r\n                    <div style=\"display: flex; gap: 15px;\">\r\n                        <img decoding=\"async\" src=\"https:\/\/casalacaleta.iniciorealestate.com\/wp-content\/uploads\/2026\/03\/travel_1.jpg\" alt=\"Aventure marine\" style=\"width: 45%; height: 180px; object-fit: cover; border-radius: 2px;\" \/>\r\n                        <img decoding=\"async\" src=\"https:\/\/casalacaleta.iniciorealestate.com\/wp-content\/uploads\/2025\/05\/travel_2.jpg\" alt=\"Plong\u00e9e en apn\u00e9e sur la Riviera\" style=\"width: 45%; height: 180px; object-fit: cover; border-radius: 2px;\" \/>\r\n                    <\/div>\r\n                <\/div>\r\n                \r\n                <div style=\"flex: 1.2; min-width: 320px; box-sizing: border-box;\">\r\n                    <img decoding=\"async\" src=\"https:\/\/casalacaleta.iniciorealestate.com\/wp-content\/uploads\/2025\/05\/209310-Nayarit.jpg\" alt=\"Les environs de la Riviera Nayarit\" style=\"width: 100%; height: auto; display: block; box-shadow: 0 15px 35px rgba(43,32,23,0.04); border-radius: 2px;\" \/>\r\n                <\/div>\r\n            <\/div>\r\n\r\n            <!-- Fila DESTINO 2: Surf de Autor & Alta Cocina -->\r\n            <div style=\"display: flex; flex-wrap: wrap-reverse; align-items: center; justify-content: space-between; gap: 30px;\">\r\n                <div style=\"flex: 1.2; min-width: 320px; box-sizing: border-box;\">\r\n                    <img decoding=\"async\" src=\"https:\/\/casalacaleta.iniciorealestate.com\/wp-content\/uploads\/2026\/03\/las-mejores-playas-de-puerto-vallarta-movil.webp\" alt=\"Plages exclusives\" style=\"width: 100%; height: auto; display: block; box-shadow: 0 15px 35px rgba(43,32,23,0.04); border-radius: 2px;\" \/>\r\n                <\/div>\r\n\r\n                <div style=\"flex: 1; min-width: 300px; max-width: 450px; padding-left: 20px; box-sizing: border-box;\">\r\n                    <h3 style=\"color: #2B2017; font-family: 'Cormorant Garamond', serif; font-size: 24px; font-weight: 400; font-style: italic; margin: 0 0 20px 0;\">\r\n                        Le rythme exclusif de Punta de Mita\r\n                    <\/h3>\r\n                    <p style=\"color: #2B2017; font-size: 14px; line-height: 1.9; text-align: justify; margin: 0 0 30px 0; opacity: 0.85;\">\r\n                        L&#039;emplacement est sublim\u00e9 par la proximit\u00e9 de parcours de golf de renomm\u00e9e mondiale (dont un sign\u00e9 Jack Nicklaus) et de spots de surf l\u00e9gendaires comme El Anclote et Sayulita. \u00c0 la tomb\u00e9e de la nuit, la sc\u00e8ne culinaire anim\u00e9e de la p\u00e9ninsule et ses clubs de plage chics proposent des exp\u00e9riences gastronomiques et de mixologie raffin\u00e9es r\u00e9serv\u00e9es \u00e0 une client\u00e8le internationale exigeante.\r\n                    <\/p>\r\n                    <div style=\"display: flex; gap: 15px;\">\r\n                        <img decoding=\"async\" src=\"https:\/\/casalacaleta.iniciorealestate.com\/wp-content\/uploads\/2026\/03\/travel_3.jpg\" alt=\"Villes c\u00f4ti\u00e8res\" style=\"width: 45%; height: 180px; object-fit: cover; border-radius: 2px;\" \/>\r\n                        <img decoding=\"async\" src=\"https:\/\/casalacaleta.iniciorealestate.com\/wp-content\/uploads\/2025\/05\/travel_4.jpg\" alt=\"Exp\u00e9rience de destination\" style=\"width: 45%; height: 180px; object-fit: cover; border-radius: 2px;\" \/>\r\n                    <\/div>\r\n                <\/div>\r\n            <\/div>\r\n\r\n        <\/div>\r\n    <\/section>\r\n\r\n    <!-- SECCI\u00d3N 7: CALL TO ACTION FINAL (CTA) -->\r\n    <section style=\"background-color: #2B2017; padding: 80px 20px; text-align: center; box-sizing: border-box;\">\r\n        <h2 style=\"color: #FBF9F6; font-family: 'Cormorant Garamond', serif; font-size: 32px; font-weight: 300; letter-spacing: 1px; margin: 0 0 20px 0; text-transform: uppercase;\">\r\n            Pr\u00eat \u00e0 vivre une exp\u00e9rience de luxe silencieux authentique ?\r\n        <\/h2>\r\n        <p style=\"color: #FAF8F5; font-size: 15px; max-width: 600px; margin: 0 auto 40px auto; line-height: 1.6; opacity: 0.85;\">\r\n            Contactez-nous d\u00e8s aujourd&#039;hui pour concevoir votre s\u00e9jour sur mesure ou pour obtenir plus de d\u00e9tails sur la disponibilit\u00e9 des propri\u00e9t\u00e9s.\r\n        <\/p>\r\n        <a href=\"\/fr\/contact\/\" style=\"display: inline-block; background-color: #A6917B; color: #FBF9F6; font-size: 13px; font-weight: 600; text-transform: uppercase; letter-spacing: 2px; padding: 16px 45px; text-decoration: none; transition: background 0.3s ease; border-radius: 2px;\">\r\n            Demande d&#039;informations exclusives\r\n        <\/a>\r\n    <\/section>\r\n\r\n<\/div>\t\t\t\t<\/div>\n\t\t\t\t<\/div>\n\t\t\t\t\t<\/div>\n\t\t\t\t<\/div>\n\t\t\t\t<\/div>","protected":false},"excerpt":{"rendered":"<p>Casa La Caleta\u00a0: Architecture mexicaine moderne face \u00e0 l\u2019oc\u00e9an. Nich\u00e9e dans le quartier le plus exclusif de la c\u00f4te nord, au sein de la prestigieuse communaut\u00e9 priv\u00e9e de Pontoquito, se dresse Casa La Caleta. Ce havre de paix red\u00e9finit le luxe c\u00f4tier par excellence, fusionnant avec brio 1\u00a0152 m\u00e8tres carr\u00e9s d\u2019espaces int\u00e9rieurs et ext\u00e9rieurs raffin\u00e9s sous une imposante structure de palapa moderne. [\u2026]<\/p>","protected":false},"author":1,"featured_media":23759,"parent":0,"menu_order":0,"comment_status":"closed","ping_status":"closed","template":"elementor_header_footer","meta":{"_yoast_wpseo_title":"Casa La Caleta Punta de Mita | Villa frente al mar","_yoast_wpseo_metadesc":"Descubre Casa La Caleta Punta de Mita, un santuario de lujo frente al oc\u00e9ano con arquitectura mexicana moderna.","footnotes":""},"class_list":["post-879","page","type-page","status-publish","has-post-thumbnail","hentry"],"yoast_head":"<!-- This site is optimized with the Yoast SEO plugin v28.4 - https:\/\/yoast.com\/product\/yoast-seo-wordpress\/ -->\n<title>Casa La Caleta Punta de Mita | Villa frente al mar<\/title>\n<meta name=\"description\" content=\"Descubre Casa La Caleta Punta de Mita, un santuario de lujo frente al oc\u00e9ano con arquitectura mexicana moderna.\" \/>\n<meta name=\"robots\" content=\"index, follow, max-snippet:-1, max-image-preview:large, max-video-preview:-1\" \/>\n<link rel=\"canonical\" href=\"https:\/\/casalacaleta.iniciorealestate.com\/fr\/\" \/>\n<meta property=\"og:locale\" content=\"fr_CA\" \/>\n<meta property=\"og:type\" content=\"article\" \/>\n<meta property=\"og:title\" content=\"Casa La Caleta Punta de Mita | Villa frente al mar\" \/>\n<meta property=\"og:description\" content=\"Descubre Casa La Caleta Punta de Mita, un santuario de lujo frente al oc\u00e9ano con arquitectura mexicana moderna.\" \/>\n<meta property=\"og:url\" content=\"https:\/\/casalacaleta.iniciorealestate.com\/fr\/\" \/>\n<meta property=\"og:site_name\" content=\"Casa la Caleta: Tu Refugio Exclusivo frente al Mar en Pontoquito, Punta de Mita\" \/>\n<meta property=\"article:modified_time\" content=\"2026-07-28T22:31:35+00:00\" \/>\n<meta property=\"og:image\" content=\"https:\/\/casalacaleta.iniciorealestate.com\/wp-content\/uploads\/2026\/07\/PONTOQUITO-15-4.webp\" \/>\n\t<meta property=\"og:image:width\" content=\"1122\" \/>\n\t<meta property=\"og:image:height\" content=\"768\" \/>\n\t<meta property=\"og:image:type\" content=\"image\/webp\" \/>\n<meta name=\"twitter:card\" content=\"summary_large_image\" \/>\n<meta name=\"twitter:label1\" content=\"Estimation du temps de lecture\" \/>\n\t<meta name=\"twitter:data1\" content=\"7 minutes\" \/>\n<script type=\"application\/ld+json\" class=\"yoast-schema-graph\">{\"@context\":\"https:\\\/\\\/schema.org\",\"@graph\":[{\"@type\":\"WebPage\",\"@id\":\"https:\\\/\\\/casalacaleta.iniciorealestate.com\\\/\",\"url\":\"https:\\\/\\\/casalacaleta.iniciorealestate.com\\\/\",\"name\":\"Casa La Caleta Punta de Mita | Villa frente al mar\",\"isPartOf\":{\"@id\":\"https:\\\/\\\/casalacaleta.iniciorealestate.com\\\/#website\"},\"primaryImageOfPage\":{\"@id\":\"https:\\\/\\\/casalacaleta.iniciorealestate.com\\\/#primaryimage\"},\"image\":{\"@id\":\"https:\\\/\\\/casalacaleta.iniciorealestate.com\\\/#primaryimage\"},\"thumbnailUrl\":\"https:\\\/\\\/casalacaleta.iniciorealestate.com\\\/wp-content\\\/uploads\\\/2026\\\/07\\\/PONTOQUITO-15-4.webp\",\"datePublished\":\"2026-02-02T23:39:17+00:00\",\"dateModified\":\"2026-07-28T22:31:35+00:00\",\"description\":\"Descubre Casa La Caleta Punta de Mita, un santuario de lujo frente al oc\u00e9ano con arquitectura mexicana moderna.\",\"breadcrumb\":{\"@id\":\"https:\\\/\\\/casalacaleta.iniciorealestate.com\\\/#breadcrumb\"},\"inLanguage\":\"fr-CA\",\"potentialAction\":[{\"@type\":\"ReadAction\",\"target\":[\"https:\\\/\\\/casalacaleta.iniciorealestate.com\\\/\"]}]},{\"@type\":\"ImageObject\",\"inLanguage\":\"fr-CA\",\"@id\":\"https:\\\/\\\/casalacaleta.iniciorealestate.com\\\/#primaryimage\",\"url\":\"https:\\\/\\\/casalacaleta.iniciorealestate.com\\\/wp-content\\\/uploads\\\/2026\\\/07\\\/PONTOQUITO-15-4.webp\",\"contentUrl\":\"https:\\\/\\\/casalacaleta.iniciorealestate.com\\\/wp-content\\\/uploads\\\/2026\\\/07\\\/PONTOQUITO-15-4.webp\",\"width\":1122,\"height\":768},{\"@type\":\"BreadcrumbList\",\"@id\":\"https:\\\/\\\/casalacaleta.iniciorealestate.com\\\/#breadcrumb\",\"itemListElement\":[{\"@type\":\"ListItem\",\"position\":1,\"name\":\"Inicio\",\"item\":\"https:\\\/\\\/casalacaleta.iniciorealestate.com\\\/\"},{\"@type\":\"ListItem\",\"position\":2,\"name\":\"INICIO\"}]},{\"@type\":\"WebSite\",\"@id\":\"https:\\\/\\\/casalacaleta.iniciorealestate.com\\\/#website\",\"url\":\"https:\\\/\\\/casalacaleta.iniciorealestate.com\\\/\",\"name\":\"Casa la Caleta: Tu Refugio Exclusivo frente al Mar en Pontoquito, Punta de Mita\",\"description\":\"Descubre el verdadero significado del lujo costero en Casa la Caleta, un santuario residencial de alta plusval\u00eda ubicado en el exclusivo para\u00edso de Pontoquito, Punta de Mita, Nayarit. El escenario perfecto para asegurar tu patrimonio y disfrutar de la m\u00e1xima privacidad frente al mar.\",\"publisher\":{\"@id\":\"https:\\\/\\\/casalacaleta.iniciorealestate.com\\\/#organization\"},\"alternateName\":\"Casa la Caleta\",\"potentialAction\":[{\"@type\":\"SearchAction\",\"target\":{\"@type\":\"EntryPoint\",\"urlTemplate\":\"https:\\\/\\\/casalacaleta.iniciorealestate.com\\\/?s={search_term_string}\"},\"query-input\":{\"@type\":\"PropertyValueSpecification\",\"valueRequired\":true,\"valueName\":\"search_term_string\"}}],\"inLanguage\":\"fr-CA\"},{\"@type\":\"Organization\",\"@id\":\"https:\\\/\\\/casalacaleta.iniciorealestate.com\\\/#organization\",\"name\":\"Casa la Caleta: Tu Refugio Exclusivo frente al Mar en Pontoquito, Punta de Mita\",\"alternateName\":\"Casa la Caleta\",\"url\":\"https:\\\/\\\/casalacaleta.iniciorealestate.com\\\/\",\"logo\":{\"@type\":\"ImageObject\",\"inLanguage\":\"fr-CA\",\"@id\":\"https:\\\/\\\/casalacaleta.iniciorealestate.com\\\/#\\\/schema\\\/logo\\\/image\\\/\",\"url\":\"https:\\\/\\\/casalacaleta.iniciorealestate.com\\\/wp-content\\\/uploads\\\/2026\\\/07\\\/Casa-caleta_LOGO.webp\",\"contentUrl\":\"https:\\\/\\\/casalacaleta.iniciorealestate.com\\\/wp-content\\\/uploads\\\/2026\\\/07\\\/Casa-caleta_LOGO.webp\",\"width\":1122,\"height\":768,\"caption\":\"Casa la Caleta: Tu Refugio Exclusivo frente al Mar en Pontoquito, Punta de Mita\"},\"image\":{\"@id\":\"https:\\\/\\\/casalacaleta.iniciorealestate.com\\\/#\\\/schema\\\/logo\\\/image\\\/\"}}]}<\/script>\n<!-- \/ Yoast SEO plugin. -->","yoast_head_json":{"title":"Maison La Caleta Punta de Mita | Villa en bord de mer","description":"D\u00e9couvrez Casa La Caleta Punta de Mita, un havre de paix luxueux en bord de mer \u00e0 l&#039;architecture mexicaine moderne.","robots":{"index":"index","follow":"follow","max-snippet":"max-snippet:-1","max-image-preview":"max-image-preview:large","max-video-preview":"max-video-preview:-1"},"canonical":"https:\/\/casalacaleta.iniciorealestate.com\/fr\/","og_locale":"fr_CA","og_type":"article","og_title":"Casa La Caleta Punta de Mita | Villa frente al mar","og_description":"Descubre Casa La Caleta Punta de Mita, un santuario de lujo frente al oc\u00e9ano con arquitectura mexicana moderna.","og_url":"https:\/\/casalacaleta.iniciorealestate.com\/fr\/","og_site_name":"Casa la Caleta: Tu Refugio Exclusivo frente al Mar en Pontoquito, Punta de Mita","article_modified_time":"2026-07-28T22:31:35+00:00","og_image":[{"width":1122,"height":768,"url":"https:\/\/casalacaleta.iniciorealestate.com\/wp-content\/uploads\/2026\/07\/PONTOQUITO-15-4.webp","type":"image\/webp"}],"twitter_card":"summary_large_image","twitter_misc":{"Estimation du temps de lecture":"7 minutes"},"schema":{"@context":"https:\/\/schema.org","@graph":[{"@type":"WebPage","@id":"https:\/\/casalacaleta.iniciorealestate.com\/","url":"https:\/\/casalacaleta.iniciorealestate.com\/","name":"Maison La Caleta Punta de Mita | Villa en bord de mer","isPartOf":{"@id":"https:\/\/casalacaleta.iniciorealestate.com\/#website"},"primaryImageOfPage":{"@id":"https:\/\/casalacaleta.iniciorealestate.com\/#primaryimage"},"image":{"@id":"https:\/\/casalacaleta.iniciorealestate.com\/#primaryimage"},"thumbnailUrl":"https:\/\/casalacaleta.iniciorealestate.com\/wp-content\/uploads\/2026\/07\/PONTOQUITO-15-4.webp","datePublished":"2026-02-02T23:39:17+00:00","dateModified":"2026-07-28T22:31:35+00:00","description":"D\u00e9couvrez Casa La Caleta Punta de Mita, un havre de paix luxueux en bord de mer \u00e0 l&#039;architecture mexicaine moderne.","breadcrumb":{"@id":"https:\/\/casalacaleta.iniciorealestate.com\/#breadcrumb"},"inLanguage":"fr-CA","potentialAction":[{"@type":"ReadAction","target":["https:\/\/casalacaleta.iniciorealestate.com\/"]}]},{"@type":"ImageObject","inLanguage":"fr-CA","@id":"https:\/\/casalacaleta.iniciorealestate.com\/#primaryimage","url":"https:\/\/casalacaleta.iniciorealestate.com\/wp-content\/uploads\/2026\/07\/PONTOQUITO-15-4.webp","contentUrl":"https:\/\/casalacaleta.iniciorealestate.com\/wp-content\/uploads\/2026\/07\/PONTOQUITO-15-4.webp","width":1122,"height":768},{"@type":"BreadcrumbList","@id":"https:\/\/casalacaleta.iniciorealestate.com\/#breadcrumb","itemListElement":[{"@type":"ListItem","position":1,"name":"Inicio","item":"https:\/\/casalacaleta.iniciorealestate.com\/"},{"@type":"ListItem","position":2,"name":"INICIO"}]},{"@type":"WebSite","@id":"https:\/\/casalacaleta.iniciorealestate.com\/#website","url":"https:\/\/casalacaleta.iniciorealestate.com\/","name":"Casa la Caleta: votre retraite exclusive en bord de mer \u00e0 Pontoquito, Punta de Mita","description":"D\u00e9couvrez le v\u00e9ritable sens du luxe c\u00f4tier \u00e0 Casa la Caleta, un havre de paix r\u00e9sidentiel haut de gamme nich\u00e9 dans le paradis exclusif de Pontoquito, \u00e0 Punta de Mita, dans l&#039;\u00c9tat de Nayarit. Un cadre id\u00e9al pour assurer votre avenir et profiter d&#039;une intimit\u00e9 absolue en bord de mer.","publisher":{"@id":"https:\/\/casalacaleta.iniciorealestate.com\/#organization"},"alternateName":"Casa la Caleta","potentialAction":[{"@type":"SearchAction","target":{"@type":"EntryPoint","urlTemplate":"https:\/\/casalacaleta.iniciorealestate.com\/?s={search_term_string}"},"query-input":{"@type":"PropertyValueSpecification","valueRequired":true,"valueName":"search_term_string"}}],"inLanguage":"fr-CA"},{"@type":"Organization","@id":"https:\/\/casalacaleta.iniciorealestate.com\/#organization","name":"Casa la Caleta: votre retraite exclusive en bord de mer \u00e0 Pontoquito, Punta de Mita","alternateName":"Casa la Caleta","url":"https:\/\/casalacaleta.iniciorealestate.com\/","logo":{"@type":"ImageObject","inLanguage":"fr-CA","@id":"https:\/\/casalacaleta.iniciorealestate.com\/#\/schema\/logo\/image\/","url":"https:\/\/casalacaleta.iniciorealestate.com\/wp-content\/uploads\/2026\/07\/Casa-caleta_LOGO.webp","contentUrl":"https:\/\/casalacaleta.iniciorealestate.com\/wp-content\/uploads\/2026\/07\/Casa-caleta_LOGO.webp","width":1122,"height":768,"caption":"Casa la Caleta: Tu Refugio Exclusivo frente al Mar en Pontoquito, Punta de Mita"},"image":{"@id":"https:\/\/casalacaleta.iniciorealestate.com\/#\/schema\/logo\/image\/"}}]}},"_links":{"self":[{"href":"https:\/\/casalacaleta.iniciorealestate.com\/fr\/wp-json\/wp\/v2\/pages\/879","targetHints":{"allow":["GET"]}}],"collection":[{"href":"https:\/\/casalacaleta.iniciorealestate.com\/fr\/wp-json\/wp\/v2\/pages"}],"about":[{"href":"https:\/\/casalacaleta.iniciorealestate.com\/fr\/wp-json\/wp\/v2\/types\/page"}],"author":[{"embeddable":true,"href":"https:\/\/casalacaleta.iniciorealestate.com\/fr\/wp-json\/wp\/v2\/users\/1"}],"replies":[{"embeddable":true,"href":"https:\/\/casalacaleta.iniciorealestate.com\/fr\/wp-json\/wp\/v2\/comments?post=879"}],"version-history":[{"count":803,"href":"https:\/\/casalacaleta.iniciorealestate.com\/fr\/wp-json\/wp\/v2\/pages\/879\/revisions"}],"predecessor-version":[{"id":23874,"href":"https:\/\/casalacaleta.iniciorealestate.com\/fr\/wp-json\/wp\/v2\/pages\/879\/revisions\/23874"}],"wp:featuredmedia":[{"embeddable":true,"href":"https:\/\/casalacaleta.iniciorealestate.com\/fr\/wp-json\/wp\/v2\/media\/23759"}],"wp:attachment":[{"href":"https:\/\/casalacaleta.iniciorealestate.com\/fr\/wp-json\/wp\/v2\/media?parent=879"}],"curies":[{"name":"wp","href":"https:\/\/api.w.org\/{rel}","templated":true}]}}